{"id":2202,"date":"2016-11-18T16:45:25","date_gmt":"2016-11-18T18:45:25","guid":{"rendered":"https:\/\/magwp.thimpress.com\/?page_id=2202"},"modified":"2022-04-28T16:40:23","modified_gmt":"2022-04-28T19:40:23","slug":"h0-full-option","status":"publish","type":"page","link":"https:\/\/www.metagal.com.br\/blog\/","title":{"rendered":"Home"},"content":{"rendered":"<p>[vc_row full_width=&#8221;stretch_row_content_no_spaces&#8221; el_id=&#8221;slider-banner&#8221;][vc_column]<div class=\"thim-sc-block16 \" data-speed=\"5000\" data-autoplay=\"true\"\n     data-direction_nav=\"false\"\n     data-control_nav=\"true\"\n     data-decrease_height=\"70\">\n\t\t\t<div class=\"loop-slider\">\n\t\t\t<div class=\"flexslider\">\n\t\t\t\t<ul class=\"slides\">\n\t\t\t\t\t\t\t\t\t\t\t\t\t\t\t\t\t\t\t<li class=\"slide post-5435 post type-post status-publish format-standard has-post-thumbnail hentry category-mercado tag-direcao-segura tag-lei-do-retrovisor tag-leis-de-transito tag-retrovisor tag-seguranca tag-seguranca-automotiva\" style=\"background-image: url(https:\/\/www.metagal.com.br\/blog\/wp-content\/uploads\/2026\/03\/MG_blogpost1_Mar_2026_V1-01.png)\">\n\t\t\t\t\t\t\t\t<div class=\"entry-content\">\n\t\t\t\t\t\t\t\t\t<div class=\"container\">\n\t\t\t\t\t\t\t\t\t\t<div class=\"entry-meta\">\n\t\t\t\t\t\t\t\t\t\t\t<span class=\"meta-category\"><a href=\"https:\/\/www.metagal.com.br\/blog\/categoria\/mercado\/\">Mercado<\/a><\/span><span class=\"author vcard\">By <a href=\"https:\/\/www.metagal.com.br\/blog\/autor\/layerup\/\" rel=\"author\">Metagal<\/a><\/span><span class=\"entry-date\"><a href=\"https:\/\/www.metagal.com.br\/blog\/lei-do-retrovisor\/\">16 de mar\u00e7o de 2026<\/a><\/span>\t\t\t\t\t\t\t\t\t\t<\/div>\n\t\t\t\t\t\t\t\t\t\t<h4 class=\"entry-title\">\n\t\t\t\t\t\t\t\t\t\t\t<a href=\"https:\/\/www.metagal.com.br\/blog\/lei-do-retrovisor\/\">\n\t\t\t\t\t\t\t\t\t\t\t\tLei do retrovisor: falta de cumprimento \u00e9 considerada infra\u00e7\u00e3o grave\t\t\t\t\t\t\t\t\t\t\t<\/a>\n\t\t\t\t\t\t\t\t\t\t<\/h4>\n\t\t\t\t\t\t\t\t\t\t<div class=\"entry-excerpt\">\n\t\t\t\t\t\t\t\t\t\t\t\t\t\t\t\t\t\t\t\t\t<\/div>\n\t\t\t\t\t\t\t\t\t<\/div>\n\t\t\t\t\t\t\t\t<\/div>\n\t\t\t\t\t\t\t<\/li>\n\t\t\t\t\t\t\t\t\t\t\t\t\t\t\t\t\t\t\t\t\t<li class=\"slide post-5425 post type-post status-publish format-standard has-post-thumbnail hentry category-mercado category-tecnologia tag-carros-inteligentes tag-fabrica-de-retrovisores tag-metagal tag-retrovisores tag-retrovisores-automotivos tag-tecnologia-automotiva\" style=\"background-image: url(https:\/\/www.metagal.com.br\/blog\/wp-content\/uploads\/2026\/02\/MG_blogpost1_Parte-1_Fev_2026_V1-01.png)\">\n\t\t\t\t\t\t\t\t<div class=\"entry-content\">\n\t\t\t\t\t\t\t\t\t<div class=\"container\">\n\t\t\t\t\t\t\t\t\t\t<div class=\"entry-meta\">\n\t\t\t\t\t\t\t\t\t\t\t<span class=\"meta-category\"><a href=\"https:\/\/www.metagal.com.br\/blog\/categoria\/mercado\/\">Mercado<\/a><\/span><span class=\"author vcard\">By <a href=\"https:\/\/www.metagal.com.br\/blog\/autor\/layerup\/\" rel=\"author\">Metagal<\/a><\/span><span class=\"entry-date\"><a href=\"https:\/\/www.metagal.com.br\/blog\/carros-inteligentes\/\">6 de fevereiro de 2026<\/a><\/span>\t\t\t\t\t\t\t\t\t\t<\/div>\n\t\t\t\t\t\t\t\t\t\t<h4 class=\"entry-title\">\n\t\t\t\t\t\t\t\t\t\t\t<a href=\"https:\/\/www.metagal.com.br\/blog\/carros-inteligentes\/\">\n\t\t\t\t\t\t\t\t\t\t\t\tCarros inteligentes: o que s\u00e3o, como funcionam e por que est\u00e3o moldando o futuro do setor automobil\u00edstico?\t\t\t\t\t\t\t\t\t\t\t<\/a>\n\t\t\t\t\t\t\t\t\t\t<\/h4>\n\t\t\t\t\t\t\t\t\t\t<div class=\"entry-excerpt\">\n\t\t\t\t\t\t\t\t\t\t\t\t\t\t\t\t\t\t\t\t\t<\/div>\n\t\t\t\t\t\t\t\t\t<\/div>\n\t\t\t\t\t\t\t\t<\/div>\n\t\t\t\t\t\t\t<\/li>\n\t\t\t\t\t\t\t\t\t\t\t\t\t\t\t\t\t\t\t\t\t<li class=\"slide post-5407 post type-post status-publish format-standard has-post-thumbnail hentry category-tecnologia tag-direcao-confortavel tag-direcao-segura tag-ofuscamento-de-visao tag-seguranca-automotiva\" style=\"background-image: url(https:\/\/www.metagal.com.br\/blog\/wp-content\/uploads\/2026\/01\/image1.png)\">\n\t\t\t\t\t\t\t\t<div class=\"entry-content\">\n\t\t\t\t\t\t\t\t\t<div class=\"container\">\n\t\t\t\t\t\t\t\t\t\t<div class=\"entry-meta\">\n\t\t\t\t\t\t\t\t\t\t\t<span class=\"meta-category\"><a href=\"https:\/\/www.metagal.com.br\/blog\/categoria\/tecnologia\/\">Tecnologia<\/a><\/span><span class=\"author vcard\">By <a href=\"https:\/\/www.metagal.com.br\/blog\/autor\/layerup\/\" rel=\"author\">Metagal<\/a><\/span><span class=\"entry-date\"><a href=\"https:\/\/www.metagal.com.br\/blog\/seguranca-transito-como-evitar-ofuscamento-visao\/\">26 de janeiro de 2026<\/a><\/span>\t\t\t\t\t\t\t\t\t\t<\/div>\n\t\t\t\t\t\t\t\t\t\t<h4 class=\"entry-title\">\n\t\t\t\t\t\t\t\t\t\t\t<a href=\"https:\/\/www.metagal.com.br\/blog\/seguranca-transito-como-evitar-ofuscamento-visao\/\">\n\t\t\t\t\t\t\t\t\t\t\t\tSeguran\u00e7a no tr\u00e2nsito: como evitar o ofuscamento da vis\u00e3o e dirigir com mais conforto no ver\u00e3o?\t\t\t\t\t\t\t\t\t\t\t<\/a>\n\t\t\t\t\t\t\t\t\t\t<\/h4>\n\t\t\t\t\t\t\t\t\t\t<div class=\"entry-excerpt\">\n\t\t\t\t\t\t\t\t\t\t\t\t\t\t\t\t\t\t\t\t\t<\/div>\n\t\t\t\t\t\t\t\t\t<\/div>\n\t\t\t\t\t\t\t\t<\/div>\n\t\t\t\t\t\t\t<\/li>\n\t\t\t\t\t\t\t\t\t\t\t\t\t\t\t\t\t\t\t\t\t<li class=\"slide post-5390 post type-post status-publish format-standard has-post-thumbnail hentry category-sem-categoria tag-baixa-visibilidade tag-metagal tag-neblina tag-seguranca-na-estrada tag-transito-seguro tag-visibilidade\" style=\"background-image: url(https:\/\/www.metagal.com.br\/blog\/wp-content\/uploads\/2025\/10\/MG_Blogpost-1_Nov_2025_V1-01.png)\">\n\t\t\t\t\t\t\t\t<div class=\"entry-content\">\n\t\t\t\t\t\t\t\t\t<div class=\"container\">\n\t\t\t\t\t\t\t\t\t\t<div class=\"entry-meta\">\n\t\t\t\t\t\t\t\t\t\t\t<span class=\"meta-category\"><a href=\"https:\/\/www.metagal.com.br\/blog\/categoria\/sem-categoria\/\">Sem categoria<\/a><\/span><span class=\"author vcard\">By <a href=\"https:\/\/www.metagal.com.br\/blog\/autor\/layerup\/\" rel=\"author\">Metagal<\/a><\/span><span class=\"entry-date\"><a href=\"https:\/\/www.metagal.com.br\/blog\/neblina-e-baixa-visibilidade\/\">14 de novembro de 2025<\/a><\/span>\t\t\t\t\t\t\t\t\t\t<\/div>\n\t\t\t\t\t\t\t\t\t\t<h4 class=\"entry-title\">\n\t\t\t\t\t\t\t\t\t\t\t<a href=\"https:\/\/www.metagal.com.br\/blog\/neblina-e-baixa-visibilidade\/\">\n\t\t\t\t\t\t\t\t\t\t\t\tNeblina e baixa visibilidade: o que todo motorista precisa saber para ter seguran\u00e7a na estrada\t\t\t\t\t\t\t\t\t\t\t<\/a>\n\t\t\t\t\t\t\t\t\t\t<\/h4>\n\t\t\t\t\t\t\t\t\t\t<div class=\"entry-excerpt\">\n\t\t\t\t\t\t\t\t\t\t\t\t\t\t\t\t\t\t\t\t\t<\/div>\n\t\t\t\t\t\t\t\t\t<\/div>\n\t\t\t\t\t\t\t\t<\/div>\n\t\t\t\t\t\t\t<\/li>\n\t\t\t\t\t\t\t\t\t\t\t<\/ul>\n\t\t\t<\/div>\n\t\t\t<div class=\"custom-controls-container container\"><\/div>\n\t\t<\/div>\n\t\t<div class=\"loop-tabs\">\n\t\t\t<div class=\"container\">\n\t\t\t\t<div class=\"wrap-slider\">\n\t\t\t\t\t<div class=\"flexslider\">\n\t\t\t\t\t\t<ul class=\"slides\">\n\t\t\t\t\t\t\t\t\t\t\t\t\t\t\t\t<li class=\"slide post-5435 post type-post status-publish format-standard has-post-thumbnail hentry category-mercado tag-direcao-segura tag-lei-do-retrovisor tag-leis-de-transito tag-retrovisor tag-seguranca tag-seguranca-automotiva\" >\n\t\t\t\t\t\t\t\t\t\t<div class=\"inner-slide\">\n\t\t\t\t\t\t\t\t\t\t\t<div class=\"entry-content\">\n\t\t\t\t\t\t\t\t\t\t\t\t<div class=\"timer\"><\/div>\t\t\t\t\t\t\t\t\t\t\t\t<div class=\"entry-meta\">\n\t\t\t\t\t\t\t\t\t\t\t\t\t<span class=\"meta-category\"><a href=\"https:\/\/www.metagal.com.br\/blog\/categoria\/mercado\/\">Mercado<\/a><\/span>\t\t\t\t\t\t\t\t\t\t\t\t<\/div>\n\t\t\t\t\t\t\t\t\t\t\t\t<h4 class=\"entry-title\">\n\t\t\t\t\t\t\t\t\t\t\t\t\tLei do retrovisor: falta de cumprimento \u00e9 considerada infra\u00e7\u00e3o grave\t\t\t\t\t\t\t\t\t\t\t\t<\/h4>\n\t\t\t\t\t\t\t\t\t\t\t<\/div>\n\t\t\t\t\t\t\t\t\t\t\t<div class=\"entry-media\">\n\t\t\t\t\t\t\t\t\t\t\t\t<img loading=\"lazy\" decoding=\"async\" width=\"232\" height=\"140\"  src=\"https:\/\/www.metagal.com.br\/blog\/wp-content\/uploads\/magazette\/blank-232x140.png\" data-src=\"https:\/\/www.metagal.com.br\/blog\/wp-content\/uploads\/2026\/03\/MG_blogpost1_Mar_2026_V1-01-232x140.png\" alt=\"Lei do retrovisor: falta de cumprimento \u00e9 considerada infra\u00e7\u00e3o grave\" class=\"lazy-hidden\">\t\t\t\t\t\t\t\t\t\t\t<\/div>\n\t\t\t\t\t\t\t\t\t\t<\/div>\n\t\t\t\t\t\t\t\t\t<\/li>\n\t\t\t\t\t\t\t\t\t\t\t\t\t\t\t\t\t\t<li class=\"slide post-5425 post type-post status-publish format-standard has-post-thumbnail hentry category-mercado category-tecnologia tag-carros-inteligentes tag-fabrica-de-retrovisores tag-metagal tag-retrovisores tag-retrovisores-automotivos tag-tecnologia-automotiva\" >\n\t\t\t\t\t\t\t\t\t\t<div class=\"inner-slide\">\n\t\t\t\t\t\t\t\t\t\t\t<div class=\"entry-content\">\n\t\t\t\t\t\t\t\t\t\t\t\t<div class=\"timer\"><\/div>\t\t\t\t\t\t\t\t\t\t\t\t<div class=\"entry-meta\">\n\t\t\t\t\t\t\t\t\t\t\t\t\t<span class=\"meta-category\"><a href=\"https:\/\/www.metagal.com.br\/blog\/categoria\/mercado\/\">Mercado<\/a><\/span>\t\t\t\t\t\t\t\t\t\t\t\t<\/div>\n\t\t\t\t\t\t\t\t\t\t\t\t<h4 class=\"entry-title\">\n\t\t\t\t\t\t\t\t\t\t\t\t\tCarros inteligentes: o que s\u00e3o, como funcionam e por que est\u00e3o moldando o futuro do setor automobil\u00edstico?\t\t\t\t\t\t\t\t\t\t\t\t<\/h4>\n\t\t\t\t\t\t\t\t\t\t\t<\/div>\n\t\t\t\t\t\t\t\t\t\t\t<div class=\"entry-media\">\n\t\t\t\t\t\t\t\t\t\t\t\t<img loading=\"lazy\" decoding=\"async\" width=\"232\" height=\"140\"  src=\"https:\/\/www.metagal.com.br\/blog\/wp-content\/uploads\/magazette\/blank-232x140.png\" data-src=\"https:\/\/www.metagal.com.br\/blog\/wp-content\/uploads\/2026\/02\/MG_blogpost1_Parte-1_Fev_2026_V1-01-232x140.png\" alt=\"Carros inteligentes: o que s\u00e3o, como funcionam e por que est\u00e3o moldando o futuro do setor automobil\u00edstico?\" class=\"lazy-hidden\">\t\t\t\t\t\t\t\t\t\t\t<\/div>\n\t\t\t\t\t\t\t\t\t\t<\/div>\n\t\t\t\t\t\t\t\t\t<\/li>\n\t\t\t\t\t\t\t\t\t\t\t\t\t\t\t\t\t\t<li class=\"slide post-5407 post type-post status-publish format-standard has-post-thumbnail hentry category-tecnologia tag-direcao-confortavel tag-direcao-segura tag-ofuscamento-de-visao tag-seguranca-automotiva\" >\n\t\t\t\t\t\t\t\t\t\t<div class=\"inner-slide\">\n\t\t\t\t\t\t\t\t\t\t\t<div class=\"entry-content\">\n\t\t\t\t\t\t\t\t\t\t\t\t<div class=\"timer\"><\/div>\t\t\t\t\t\t\t\t\t\t\t\t<div class=\"entry-meta\">\n\t\t\t\t\t\t\t\t\t\t\t\t\t<span class=\"meta-category\"><a href=\"https:\/\/www.metagal.com.br\/blog\/categoria\/tecnologia\/\">Tecnologia<\/a><\/span>\t\t\t\t\t\t\t\t\t\t\t\t<\/div>\n\t\t\t\t\t\t\t\t\t\t\t\t<h4 class=\"entry-title\">\n\t\t\t\t\t\t\t\t\t\t\t\t\tSeguran\u00e7a no tr\u00e2nsito: como evitar o ofuscamento da vis\u00e3o e dirigir com mais conforto no ver\u00e3o?\t\t\t\t\t\t\t\t\t\t\t\t<\/h4>\n\t\t\t\t\t\t\t\t\t\t\t<\/div>\n\t\t\t\t\t\t\t\t\t\t\t<div class=\"entry-media\">\n\t\t\t\t\t\t\t\t\t\t\t\t<img loading=\"lazy\" decoding=\"async\" width=\"232\" height=\"140\"  src=\"https:\/\/www.metagal.com.br\/blog\/wp-content\/uploads\/magazette\/blank-232x140.png\" data-src=\"https:\/\/www.metagal.com.br\/blog\/wp-content\/uploads\/2026\/01\/image1-232x140.png\" alt=\"Seguran\u00e7a no tr\u00e2nsito: como evitar o ofuscamento da vis\u00e3o e dirigir com mais conforto no ver\u00e3o?\" class=\"lazy-hidden\">\t\t\t\t\t\t\t\t\t\t\t<\/div>\n\t\t\t\t\t\t\t\t\t\t<\/div>\n\t\t\t\t\t\t\t\t\t<\/li>\n\t\t\t\t\t\t\t\t\t\t\t\t\t\t\t\t\t\t<li class=\"slide post-5390 post type-post status-publish format-standard has-post-thumbnail hentry category-sem-categoria tag-baixa-visibilidade tag-metagal tag-neblina tag-seguranca-na-estrada tag-transito-seguro tag-visibilidade\" >\n\t\t\t\t\t\t\t\t\t\t<div class=\"inner-slide\">\n\t\t\t\t\t\t\t\t\t\t\t<div class=\"entry-content\">\n\t\t\t\t\t\t\t\t\t\t\t\t<div class=\"timer\"><\/div>\t\t\t\t\t\t\t\t\t\t\t\t<div class=\"entry-meta\">\n\t\t\t\t\t\t\t\t\t\t\t\t\t<span class=\"meta-category\"><a href=\"https:\/\/www.metagal.com.br\/blog\/categoria\/sem-categoria\/\">Sem categoria<\/a><\/span>\t\t\t\t\t\t\t\t\t\t\t\t<\/div>\n\t\t\t\t\t\t\t\t\t\t\t\t<h4 class=\"entry-title\">\n\t\t\t\t\t\t\t\t\t\t\t\t\tNeblina e baixa visibilidade: o que todo motorista precisa saber para ter seguran\u00e7a na estrada\t\t\t\t\t\t\t\t\t\t\t\t<\/h4>\n\t\t\t\t\t\t\t\t\t\t\t<\/div>\n\t\t\t\t\t\t\t\t\t\t\t<div class=\"entry-media\">\n\t\t\t\t\t\t\t\t\t\t\t\t<img loading=\"lazy\" decoding=\"async\" width=\"232\" height=\"140\"  src=\"https:\/\/www.metagal.com.br\/blog\/wp-content\/uploads\/magazette\/blank-232x140.png\" data-src=\"https:\/\/www.metagal.com.br\/blog\/wp-content\/uploads\/2025\/10\/MG_Blogpost-1_Nov_2025_V1-01-232x140.png\" alt=\"Neblina e baixa visibilidade: o que todo motorista precisa saber para ter seguran\u00e7a na estrada\" class=\"lazy-hidden\">\t\t\t\t\t\t\t\t\t\t\t<\/div>\n\t\t\t\t\t\t\t\t\t\t<\/div>\n\t\t\t\t\t\t\t\t\t<\/li>\n\t\t\t\t\t\t\t\t\t\t\t\t\t\t\t<\/ul>\n\t\t\t\t\t<\/div>\n\t\t\t\t<\/div>\n\t\t\t<\/div>\n\n\t\t<\/div>\n\t<\/div>[vc_empty_space height=&#8221;60px&#8221;][\/vc_column][\/vc_row][vc_row el_class=&#8221;autocar-section02&#8243; el_id=&#8221;mercado&#8221;][vc_column width=&#8221;1\/6&#8243; el_class=&#8221;sticky-sidebar&#8221; offset=&#8221;vc_hidden-md vc_hidden-sm vc_hidden-xs&#8221;]<div class=\"thim-sc-qc \">\n\t\t<div class=\"inner-qc\">\n\t\t<!-- Erro, o An\u00fancio n\u00e3o est\u00e1 dispon\u00edvel neste momento devido \u00e0s restri\u00e7\u00f5es de agendamento\/geolocaliza\u00e7\u00e3o! -->\t<\/div>\n<\/div>[vc_empty_space height=&#8221;54px&#8221;][\/vc_column][vc_column width=&#8221;7\/12&#8243;]<div class=\"thim-sc-block11 \">\n\t<div class=\"loop-wrap\">\n\t\t\t<\/div>\n<\/div><div class=\"thim-sc-block5 style-1 second-section column-number-2  \"\n\t data-max-page=\"2\"\n\t data-params='{\"title\":\"Institucional\",\"style\":\"style-1\",\"column\":\"2\",\"layout\":\"item-layout-1\",\"display_number\":\"no\",\"display_category\":\"yes\",\"display_date\":\"yes\",\"image_size\":\"86x86\",\"highlight_image_size\":\"376x235\",\"highlight\":\"1\",\"highlight_layout\":\"hl-layout-3\",\"highlight_display_category\":\"yes\",\"highlight_display_date\":\"yes\",\"highlight_excerpt_length\":\"10\",\"data\":\"size:6|order_by:date|order:DESC|categories:111\",\"trending\":\"no\",\"filter\":\"yes\",\"readmore_text\":\"View More\",\"readmore_link\":\"\",\"el_class\":\"second-section\",\"sc-name\":\"block-5\",\"loop_settings\":{\"size\":\"6\",\"order_by\":\"date\",\"order\":\"DESC\",\"categories\":\"111\"}}' id=\"thim_69f5b549a3420\">\n\t\t<h3 class=\"sc-title\">\n\t\t\t\t<span class=\"title\">\n\t\t\t\t\t\tInstitucional\t\t\t\t\t\t<span class=\"line\"><\/span>\n\t\t<\/span>\n\n\t\t\n\t<\/h3>\n\t\t\t\t\t\t\t<div class=\"loop-wrapper hl-layout-3\">\n\t\t\t<div class=\"sc-loop row\">\n<div class=\"inner-col col-sm-6\"><div class=\"row-big no-carousel\">\t\t<div class=\"post-item-layout-1 post-5357 post type-post status-publish format-standard has-post-thumbnail hentry category-institucional category-tecnologia tag-iluminacao-automotiva tag-metagal tag-small-lights tag-tendencias tag-tendencias-em-iluminacao-automotiva\" >\n\t\t\t\t\t\t\t<div class=\"entry-media\">\n\t\t\t\t\t<a href=\"https:\/\/www.metagal.com.br\/blog\/small-lights-metagal\/\" class=\"wrap-link\" width=\"376\" height=\"235\" ><img loading=\"lazy\" decoding=\"async\" width=\"376\" height=\"235\"  src=\"https:\/\/www.metagal.com.br\/blog\/wp-content\/uploads\/magazette\/blank-376x235.png\" data-src=\"https:\/\/www.metagal.com.br\/blog\/wp-content\/uploads\/2025\/08\/Small-LIGHTS-Metagal-376x235.gif\" alt=\"Small LIGHTS: inova\u00e7\u00e3o da Metagal para o futuro da ilumina\u00e7\u00e3o automotiva\" class=\"lazy-hidden\"><\/a>\t\t\t\t\t<span class=\"meta-category\"><a href=\"https:\/\/www.metagal.com.br\/blog\/categoria\/institucional\/\">Institucional<\/a><\/span>\t\t\t\t<\/div>\n\t\t\t\t\t\t<div class=\"entry-content hl-layout-3\">\n\t\t\t\t<div class=\"entry-meta\">\n\t\t\t\t\t<span class=\"author vcard\"> <a href=\"https:\/\/www.metagal.com.br\/blog\/autor\/layerup\/\" rel=\"author\">Metagal<\/a><\/span><span class=\"entry-date\"><a href=\"https:\/\/www.metagal.com.br\/blog\/small-lights-metagal\/\">27 de agosto de 2025<\/a><\/span>\t\t\t\t<\/div>\n\t\t\t\t<h4 class=\"entry-title\">\n\t\t\t\t\t<a href=\"https:\/\/www.metagal.com.br\/blog\/small-lights-metagal\/\">\n\t\t\t\t\t\tSmall LIGHTS: inova\u00e7\u00e3o da Metagal para o futuro da ilumina\u00e7\u00e3o automotiva\t\t\t\t\t<\/a>\n\t\t\t\t<\/h4>\n\t\t\t\t\t\t\t\t\t<div class=\"entry-excerpt\">\n\t\t\t\t\t\t\t\t\t\t\t<\/div>\n\t\t\t\t\n\t\t\t\t\t\t\t<\/div>\n\t\t<\/div>\n\t\t<\/div><div class=\"row-small\">\t\t<div class=\"post-item-layout-1 post-5011 post type-post status-publish format-standard has-post-thumbnail hentry category-institucional tag-acessorios-automotivos tag-certificacao-q1 tag-certificacao-q1-ford tag-ford tag-padrao-de-qualidade\" >\n\t\t\t\t\t\t\t<div class=\"entry-media\">\n\t\t\t\t\t<a href=\"https:\/\/www.metagal.com.br\/blog\/metagal-recebe-certificacao-de-qualidade-internacional-da-ford\/\" class=\"wrap-link\" width=\"86\" height=\"86\" ><img loading=\"lazy\" decoding=\"async\" width=\"86\" height=\"86\"  src=\"https:\/\/www.metagal.com.br\/blog\/wp-content\/uploads\/magazette\/blank-86x86.png\" data-src=\"https:\/\/www.metagal.com.br\/blog\/wp-content\/uploads\/2023\/12\/BLOGPOST1-NOV-PARTE1-METAGAL-2-86x86.png\" alt=\"Metagal recebe certifica\u00e7\u00e3o de qualidade internacional da Ford\" class=\"lazy-hidden\"><\/a>\t\t\t\t\t\t\t\t\t<\/div>\n\t\t\t\t\t\t<div class=\"entry-content item-layout-1\">\n\t\t\t\t<div class=\"entry-meta\">\n\t\t\t\t\t<span class=\"meta-category\"><a href=\"https:\/\/www.metagal.com.br\/blog\/categoria\/institucional\/\">Institucional<\/a><\/span><span class=\"entry-date\"><a href=\"https:\/\/www.metagal.com.br\/blog\/metagal-recebe-certificacao-de-qualidade-internacional-da-ford\/\">5 de dezembro de 2023<\/a><\/span>\t\t\t\t<\/div>\n\t\t\t\t<h4 class=\"entry-title\">\n\t\t\t\t\t<a href=\"https:\/\/www.metagal.com.br\/blog\/metagal-recebe-certificacao-de-qualidade-internacional-da-ford\/\">\n\t\t\t\t\t\tMetagal recebe certifica\u00e7\u00e3o de qualidade internacional da Ford\t\t\t\t\t<\/a>\n\t\t\t\t<\/h4>\n\t\t\t\t\n\t\t\t\t\t\t\t<\/div>\n\t\t<\/div>\n\t\t\t\t<div class=\"post-item-layout-1 post-4874 post type-post status-publish format-standard has-post-thumbnail hentry category-institucional category-tecnologia tag-cms tag-metagal tag-sistema-de-retrovisao\" >\n\t\t\t\t\t\t\t<div class=\"entry-media\">\n\t\t\t\t\t<a href=\"https:\/\/www.metagal.com.br\/blog\/cms-novo-sistema-de-retrovisao-metagal\/\" class=\"wrap-link\" width=\"86\" height=\"86\" ><img loading=\"lazy\" decoding=\"async\" width=\"86\" height=\"86\"  src=\"https:\/\/www.metagal.com.br\/blog\/wp-content\/uploads\/magazette\/blank-86x86.png\" data-src=\"https:\/\/www.metagal.com.br\/blog\/wp-content\/uploads\/2023\/02\/BLOGPOST1-FEV-PARTE1-METAGAL-86x86.png\" alt=\"CMS: conhe\u00e7a o novo sistema de retrovis\u00e3o da Metagal\" class=\"lazy-hidden\"><\/a>\t\t\t\t\t\t\t\t\t<\/div>\n\t\t\t\t\t\t<div class=\"entry-content item-layout-1\">\n\t\t\t\t<div class=\"entry-meta\">\n\t\t\t\t\t<span class=\"meta-category\"><a href=\"https:\/\/www.metagal.com.br\/blog\/categoria\/institucional\/\">Institucional<\/a><\/span><span class=\"entry-date\"><a href=\"https:\/\/www.metagal.com.br\/blog\/cms-novo-sistema-de-retrovisao-metagal\/\">22 de fevereiro de 2023<\/a><\/span>\t\t\t\t<\/div>\n\t\t\t\t<h4 class=\"entry-title\">\n\t\t\t\t\t<a href=\"https:\/\/www.metagal.com.br\/blog\/cms-novo-sistema-de-retrovisao-metagal\/\">\n\t\t\t\t\t\tCMS: conhe\u00e7a o novo sistema de retrovis\u00e3o da Metagal\t\t\t\t\t<\/a>\n\t\t\t\t<\/h4>\n\t\t\t\t\n\t\t\t\t\t\t\t<\/div>\n\t\t<\/div>\n\t\t<\/div> <!-- close small --><\/div> <!-- close inner-col --><div class=\"inner-col col-sm-6\"><div class=\"row-big no-carousel\">\t\t<div class=\"post-item-layout-1 post-4606 post type-post status-publish format-standard has-post-thumbnail hentry category-institucional category-mercado tag-acessorios-automotivos tag-espelhos-retrovisores tag-fabricante-de-retrovisores tag-metagal tag-metagal-full-lcd-mirror tag-sistema-de-retrovisao\" >\n\t\t\t\t\t\t\t<div class=\"entry-media\">\n\t\t\t\t\t<a href=\"https:\/\/www.metagal.com.br\/blog\/metagal-fabricante-retrovisores\/\" class=\"wrap-link\" width=\"376\" height=\"235\" ><img loading=\"lazy\" decoding=\"async\" width=\"376\" height=\"235\"  src=\"https:\/\/www.metagal.com.br\/blog\/wp-content\/uploads\/magazette\/blank-376x235.png\" data-src=\"https:\/\/www.metagal.com.br\/blog\/wp-content\/uploads\/2021\/10\/Header-BP-2-376x235.png\" alt=\"Metagal: a fabricante de retrovisores l\u00edder na Am\u00e9rica Latina\" class=\"lazy-hidden\"><\/a>\t\t\t\t\t<span class=\"meta-category\"><a href=\"https:\/\/www.metagal.com.br\/blog\/categoria\/institucional\/\">Institucional<\/a><\/span>\t\t\t\t<\/div>\n\t\t\t\t\t\t<div class=\"entry-content hl-layout-3\">\n\t\t\t\t<div class=\"entry-meta\">\n\t\t\t\t\t<span class=\"author vcard\"> <a href=\"https:\/\/www.metagal.com.br\/blog\/autor\/layerup\/\" rel=\"author\">Metagal<\/a><\/span><span class=\"entry-date\"><a href=\"https:\/\/www.metagal.com.br\/blog\/metagal-fabricante-retrovisores\/\">18 de outubro de 2021<\/a><\/span>\t\t\t\t<\/div>\n\t\t\t\t<h4 class=\"entry-title\">\n\t\t\t\t\t<a href=\"https:\/\/www.metagal.com.br\/blog\/metagal-fabricante-retrovisores\/\">\n\t\t\t\t\t\tMetagal: a fabricante de retrovisores l\u00edder na Am\u00e9rica Latina\t\t\t\t\t<\/a>\n\t\t\t\t<\/h4>\n\t\t\t\t\t\t\t\t\t<div class=\"entry-excerpt\">\n\t\t\t\t\t\tCom mais de 50 anos de experi\u00eancia no mercado...\t\t\t\t\t<\/div>\n\t\t\t\t\n\t\t\t\t\t\t\t<\/div>\n\t\t<\/div>\n\t\t<\/div><div class=\"row-small\">\t\t<div class=\"post-item-layout-1 post-4268 post type-post status-publish format-standard has-post-thumbnail hentry category-institucional tag-metagal-argentina tag-premio-automotivo tag-toyota-latin-america-caribbean\" >\n\t\t\t\t\t\t\t<div class=\"entry-media\">\n\t\t\t\t\t<a href=\"https:\/\/www.metagal.com.br\/blog\/metagal-argentina-ganha-certificacao-de-performance-em-custos-e-logistica\/\" class=\"wrap-link\" width=\"86\" height=\"86\" ><img loading=\"lazy\" decoding=\"async\" width=\"86\" height=\"86\"  src=\"https:\/\/www.metagal.com.br\/blog\/wp-content\/uploads\/magazette\/blank-86x86.png\" data-src=\"https:\/\/www.metagal.com.br\/blog\/wp-content\/uploads\/2019\/06\/certifica\u00e7\u00e3o-de-Performance-em-Custos-e-Log\u00edstica-86x86.png\" alt=\"Metagal Argentina ganha certifica\u00e7\u00e3o de Performance em Custos e Log\u00edstica\" class=\"lazy-hidden\"><\/a>\t\t\t\t\t\t\t\t\t<\/div>\n\t\t\t\t\t\t<div class=\"entry-content item-layout-1\">\n\t\t\t\t<div class=\"entry-meta\">\n\t\t\t\t\t<span class=\"meta-category\"><a href=\"https:\/\/www.metagal.com.br\/blog\/categoria\/institucional\/\">Institucional<\/a><\/span><span class=\"entry-date\"><a href=\"https:\/\/www.metagal.com.br\/blog\/metagal-argentina-ganha-certificacao-de-performance-em-custos-e-logistica\/\">27 de junho de 2019<\/a><\/span>\t\t\t\t<\/div>\n\t\t\t\t<h4 class=\"entry-title\">\n\t\t\t\t\t<a href=\"https:\/\/www.metagal.com.br\/blog\/metagal-argentina-ganha-certificacao-de-performance-em-custos-e-logistica\/\">\n\t\t\t\t\t\tMetagal Argentina ganha certifica\u00e7\u00e3o de Performance em Custos e Log\u00edstica\t\t\t\t\t<\/a>\n\t\t\t\t<\/h4>\n\t\t\t\t\n\t\t\t\t\t\t\t<\/div>\n\t\t<\/div>\n\t\t\t\t<div class=\"post-item-layout-1 post-2472 post type-post status-publish format-video has-post-thumbnail hentry category-institucional category-tecnologia tag-metagal tag-retrovisores tag-retrovisores-lcd tag-tecnologia post_format-post-format-video\" >\n\t\t\t\t\t\t\t<div class=\"entry-media\">\n\t\t\t\t\t<a href=\"https:\/\/www.metagal.com.br\/blog\/por-tras-do-retrovisor-lcd\/\" class=\"wrap-link\" width=\"86\" height=\"86\" ><img loading=\"lazy\" decoding=\"async\" width=\"86\" height=\"86\"  src=\"https:\/\/www.metagal.com.br\/blog\/wp-content\/uploads\/magazette\/blank-86x86.png\" data-src=\"https:\/\/www.metagal.com.br\/blog\/wp-content\/uploads\/2017\/11\/BPS_SIT_METAGAL_19-12-18-1-86x86.png\" alt=\"Conhe\u00e7a a tecnologia por tr\u00e1s do retrovisor LCD\" class=\"lazy-hidden\"><\/a>\t\t\t\t\t\t\t\t\t<\/div>\n\t\t\t\t\t\t<div class=\"entry-content item-layout-1\">\n\t\t\t\t<div class=\"entry-meta\">\n\t\t\t\t\t<span class=\"meta-category\"><a href=\"https:\/\/www.metagal.com.br\/blog\/categoria\/institucional\/\">Institucional<\/a><\/span><span class=\"entry-date\"><a href=\"https:\/\/www.metagal.com.br\/blog\/por-tras-do-retrovisor-lcd\/\">19 de dezembro de 2018<\/a><\/span>\t\t\t\t<\/div>\n\t\t\t\t<h4 class=\"entry-title\">\n\t\t\t\t\t<a href=\"https:\/\/www.metagal.com.br\/blog\/por-tras-do-retrovisor-lcd\/\">\n\t\t\t\t\t\tConhe\u00e7a a tecnologia por tr\u00e1s do retrovisor LCD\t\t\t\t\t<\/a>\n\t\t\t\t<\/h4>\n\t\t\t\t\n\t\t\t\t\t\t\t<\/div>\n\t\t<\/div>\n\t\t<\/div> <!-- close small --><\/div> <!-- close inner-col --><\/div>\n\t\t<\/div>\n\t<\/div><div class=\"thim-sc-block5 style-1 second-section column-number-2  \"\n\t data-max-page=\"13\"\n\t data-params='{\"title\":\"Tecnologia\",\"style\":\"style-1\",\"column\":\"2\",\"layout\":\"item-layout-1\",\"display_number\":\"no\",\"display_category\":\"yes\",\"display_date\":\"yes\",\"image_size\":\"86x86\",\"highlight_image_size\":\"376x235\",\"highlight\":\"1\",\"highlight_layout\":\"hl-layout-3\",\"highlight_display_category\":\"yes\",\"highlight_display_date\":\"yes\",\"highlight_excerpt_length\":\"10\",\"data\":\"size:6|order_by:date|order:DESC|post_type:post|categories:112\",\"trending\":\"no\",\"filter\":\"yes\",\"readmore_text\":\"View More\",\"readmore_link\":\"\",\"el_class\":\"second-section\",\"sc-name\":\"block-5\",\"loop_settings\":{\"size\":\"6\",\"order_by\":\"date\",\"order\":\"DESC\",\"post_type\":\"post\",\"categories\":\"112\"}}' id=\"thim_69f5b549b5df4\">\n\t\t<h3 class=\"sc-title\">\n\t\t\t\t<span class=\"title\">\n\t\t\t\t\t\tTecnologia\t\t\t\t\t\t<span class=\"line\"><\/span>\n\t\t<\/span>\n\n\t\t\n\t<\/h3>\n\t\t\t\t\t\t\t<div class=\"loop-wrapper hl-layout-3\">\n\t\t\t<div class=\"sc-loop row\">\n<div class=\"inner-col col-sm-6\"><div class=\"row-big no-carousel\">\t\t<div class=\"post-item-layout-1 post-5425 post type-post status-publish format-standard has-post-thumbnail hentry category-mercado category-tecnologia tag-carros-inteligentes tag-fabrica-de-retrovisores tag-metagal tag-retrovisores tag-retrovisores-automotivos tag-tecnologia-automotiva\" >\n\t\t\t\t\t\t\t<div class=\"entry-media\">\n\t\t\t\t\t<a href=\"https:\/\/www.metagal.com.br\/blog\/carros-inteligentes\/\" class=\"wrap-link\" width=\"376\" height=\"235\" ><img loading=\"lazy\" decoding=\"async\" width=\"376\" height=\"235\"  src=\"https:\/\/www.metagal.com.br\/blog\/wp-content\/uploads\/magazette\/blank-376x235.png\" data-src=\"https:\/\/www.metagal.com.br\/blog\/wp-content\/uploads\/2026\/02\/MG_blogpost1_Parte-1_Fev_2026_V1-01-376x235.png\" alt=\"Carros inteligentes: o que s\u00e3o, como funcionam e por que est\u00e3o moldando o futuro do setor automobil\u00edstico?\" class=\"lazy-hidden\"><\/a>\t\t\t\t\t<span class=\"meta-category\"><a href=\"https:\/\/www.metagal.com.br\/blog\/categoria\/mercado\/\">Mercado<\/a><\/span>\t\t\t\t<\/div>\n\t\t\t\t\t\t<div class=\"entry-content hl-layout-3\">\n\t\t\t\t<div class=\"entry-meta\">\n\t\t\t\t\t<span class=\"author vcard\"> <a href=\"https:\/\/www.metagal.com.br\/blog\/autor\/layerup\/\" rel=\"author\">Metagal<\/a><\/span><span class=\"entry-date\"><a href=\"https:\/\/www.metagal.com.br\/blog\/carros-inteligentes\/\">6 de fevereiro de 2026<\/a><\/span>\t\t\t\t<\/div>\n\t\t\t\t<h4 class=\"entry-title\">\n\t\t\t\t\t<a href=\"https:\/\/www.metagal.com.br\/blog\/carros-inteligentes\/\">\n\t\t\t\t\t\tCarros inteligentes: o que s\u00e3o, como funcionam e por que est\u00e3o moldando o futuro do setor automobil\u00edstico?\t\t\t\t\t<\/a>\n\t\t\t\t<\/h4>\n\t\t\t\t\t\t\t\t\t<div class=\"entry-excerpt\">\n\t\t\t\t\t\t\t\t\t\t\t<\/div>\n\t\t\t\t\n\t\t\t\t\t\t\t<\/div>\n\t\t<\/div>\n\t\t<\/div><div class=\"row-small\">\t\t<div class=\"post-item-layout-1 post-5407 post type-post status-publish format-standard has-post-thumbnail hentry category-tecnologia tag-direcao-confortavel tag-direcao-segura tag-ofuscamento-de-visao tag-seguranca-automotiva\" >\n\t\t\t\t\t\t\t<div class=\"entry-media\">\n\t\t\t\t\t<a href=\"https:\/\/www.metagal.com.br\/blog\/seguranca-transito-como-evitar-ofuscamento-visao\/\" class=\"wrap-link\" width=\"86\" height=\"86\" ><img loading=\"lazy\" decoding=\"async\" width=\"86\" height=\"86\"  src=\"https:\/\/www.metagal.com.br\/blog\/wp-content\/uploads\/magazette\/blank-86x86.png\" data-src=\"https:\/\/www.metagal.com.br\/blog\/wp-content\/uploads\/2026\/01\/image1-86x86.png\" alt=\"Seguran\u00e7a no tr\u00e2nsito: como evitar o ofuscamento da vis\u00e3o e dirigir com mais conforto no ver\u00e3o?\" class=\"lazy-hidden\"><\/a>\t\t\t\t\t\t\t\t\t<\/div>\n\t\t\t\t\t\t<div class=\"entry-content item-layout-1\">\n\t\t\t\t<div class=\"entry-meta\">\n\t\t\t\t\t<span class=\"meta-category\"><a href=\"https:\/\/www.metagal.com.br\/blog\/categoria\/tecnologia\/\">Tecnologia<\/a><\/span><span class=\"entry-date\"><a href=\"https:\/\/www.metagal.com.br\/blog\/seguranca-transito-como-evitar-ofuscamento-visao\/\">26 de janeiro de 2026<\/a><\/span>\t\t\t\t<\/div>\n\t\t\t\t<h4 class=\"entry-title\">\n\t\t\t\t\t<a href=\"https:\/\/www.metagal.com.br\/blog\/seguranca-transito-como-evitar-ofuscamento-visao\/\">\n\t\t\t\t\t\tSeguran\u00e7a no tr\u00e2nsito: como evitar o ofuscamento da vis\u00e3o e dirigir com mais conforto no ver\u00e3o?\t\t\t\t\t<\/a>\n\t\t\t\t<\/h4>\n\t\t\t\t\n\t\t\t\t\t\t\t<\/div>\n\t\t<\/div>\n\t\t\t\t<div class=\"post-item-layout-1 post-5365 post type-post status-publish format-standard has-post-thumbnail hentry category-mercado category-tecnologia tag-metagal tag-personalizacoes-automotivas tag-seguranca tag-tecnologia\" >\n\t\t\t\t\t\t\t<div class=\"entry-media\">\n\t\t\t\t\t<a href=\"https:\/\/www.metagal.com.br\/blog\/personalizacoes-automotivas-irregulares\/\" class=\"wrap-link\" width=\"86\" height=\"86\" ><img loading=\"lazy\" decoding=\"async\" width=\"86\" height=\"86\"  src=\"https:\/\/www.metagal.com.br\/blog\/wp-content\/uploads\/magazette\/blank-86x86.png\" data-src=\"https:\/\/www.metagal.com.br\/blog\/wp-content\/uploads\/2025\/08\/Personalizacoes-automotivas-irregulares-Metagal-86x86.png\" alt=\"Personaliza\u00e7\u00f5es automotivas irregulares: o que dizem as leis e quais os riscos para a seguran\u00e7a no tr\u00e2nsito\" class=\"lazy-hidden\"><\/a>\t\t\t\t\t\t\t\t\t<\/div>\n\t\t\t\t\t\t<div class=\"entry-content item-layout-1\">\n\t\t\t\t<div class=\"entry-meta\">\n\t\t\t\t\t<span class=\"meta-category\"><a href=\"https:\/\/www.metagal.com.br\/blog\/categoria\/mercado\/\">Mercado<\/a><\/span><span class=\"entry-date\"><a href=\"https:\/\/www.metagal.com.br\/blog\/personalizacoes-automotivas-irregulares\/\">3 de setembro de 2025<\/a><\/span>\t\t\t\t<\/div>\n\t\t\t\t<h4 class=\"entry-title\">\n\t\t\t\t\t<a href=\"https:\/\/www.metagal.com.br\/blog\/personalizacoes-automotivas-irregulares\/\">\n\t\t\t\t\t\tPersonaliza\u00e7\u00f5es automotivas irregulares: o que dizem as leis e quais os riscos para a seguran\u00e7a no tr\u00e2nsito\t\t\t\t\t<\/a>\n\t\t\t\t<\/h4>\n\t\t\t\t\n\t\t\t\t\t\t\t<\/div>\n\t\t<\/div>\n\t\t<\/div> <!-- close small --><\/div> <!-- close inner-col --><div class=\"inner-col col-sm-6\"><div class=\"row-big no-carousel\">\t\t<div class=\"post-item-layout-1 post-5357 post type-post status-publish format-standard has-post-thumbnail hentry category-institucional category-tecnologia tag-iluminacao-automotiva tag-metagal tag-small-lights tag-tendencias tag-tendencias-em-iluminacao-automotiva\" >\n\t\t\t\t\t\t\t<div class=\"entry-media\">\n\t\t\t\t\t<a href=\"https:\/\/www.metagal.com.br\/blog\/small-lights-metagal\/\" class=\"wrap-link\" width=\"376\" height=\"235\" ><img loading=\"lazy\" decoding=\"async\" width=\"376\" height=\"235\"  src=\"https:\/\/www.metagal.com.br\/blog\/wp-content\/uploads\/magazette\/blank-376x235.png\" data-src=\"https:\/\/www.metagal.com.br\/blog\/wp-content\/uploads\/2025\/08\/Small-LIGHTS-Metagal-376x235.gif\" alt=\"Small LIGHTS: inova\u00e7\u00e3o da Metagal para o futuro da ilumina\u00e7\u00e3o automotiva\" class=\"lazy-hidden\"><\/a>\t\t\t\t\t<span class=\"meta-category\"><a href=\"https:\/\/www.metagal.com.br\/blog\/categoria\/institucional\/\">Institucional<\/a><\/span>\t\t\t\t<\/div>\n\t\t\t\t\t\t<div class=\"entry-content hl-layout-3\">\n\t\t\t\t<div class=\"entry-meta\">\n\t\t\t\t\t<span class=\"author vcard\"> <a href=\"https:\/\/www.metagal.com.br\/blog\/autor\/layerup\/\" rel=\"author\">Metagal<\/a><\/span><span class=\"entry-date\"><a href=\"https:\/\/www.metagal.com.br\/blog\/small-lights-metagal\/\">27 de agosto de 2025<\/a><\/span>\t\t\t\t<\/div>\n\t\t\t\t<h4 class=\"entry-title\">\n\t\t\t\t\t<a href=\"https:\/\/www.metagal.com.br\/blog\/small-lights-metagal\/\">\n\t\t\t\t\t\tSmall LIGHTS: inova\u00e7\u00e3o da Metagal para o futuro da ilumina\u00e7\u00e3o automotiva\t\t\t\t\t<\/a>\n\t\t\t\t<\/h4>\n\t\t\t\t\t\t\t\t\t<div class=\"entry-excerpt\">\n\t\t\t\t\t\t\t\t\t\t\t<\/div>\n\t\t\t\t\n\t\t\t\t\t\t\t<\/div>\n\t\t<\/div>\n\t\t<\/div><div class=\"row-small\">\t\t<div class=\"post-item-layout-1 post-5343 post type-post status-publish format-standard has-post-thumbnail hentry category-tecnologia tag-carro-sustentavel tag-eficiencia-energetica tag-ipi-verde tag-reducao-de-emissoes\" >\n\t\t\t\t\t\t\t<div class=\"entry-media\">\n\t\t\t\t\t<a href=\"https:\/\/www.metagal.com.br\/blog\/ipi-verde-e-carro-sustentavel\/\" class=\"wrap-link\" width=\"86\" height=\"86\" ><img loading=\"lazy\" decoding=\"async\" width=\"86\" height=\"86\"  src=\"https:\/\/www.metagal.com.br\/blog\/wp-content\/uploads\/magazette\/blank-86x86.png\" data-src=\"https:\/\/www.metagal.com.br\/blog\/wp-content\/uploads\/2025\/08\/esg-metagal-header-86x86.png\" alt=\"IPI Verde e carro sustent\u00e1vel: como o programa incentiva ve\u00edculos mais eficientes e acess\u00edveis\" class=\"lazy-hidden\"><\/a>\t\t\t\t\t\t\t\t\t<\/div>\n\t\t\t\t\t\t<div class=\"entry-content item-layout-1\">\n\t\t\t\t<div class=\"entry-meta\">\n\t\t\t\t\t<span class=\"meta-category\"><a href=\"https:\/\/www.metagal.com.br\/blog\/categoria\/tecnologia\/\">Tecnologia<\/a><\/span><span class=\"entry-date\"><a href=\"https:\/\/www.metagal.com.br\/blog\/ipi-verde-e-carro-sustentavel\/\">18 de agosto de 2025<\/a><\/span>\t\t\t\t<\/div>\n\t\t\t\t<h4 class=\"entry-title\">\n\t\t\t\t\t<a href=\"https:\/\/www.metagal.com.br\/blog\/ipi-verde-e-carro-sustentavel\/\">\n\t\t\t\t\t\tIPI Verde e carro sustent\u00e1vel: como o programa incentiva ve\u00edculos mais eficientes e acess\u00edveis\t\t\t\t\t<\/a>\n\t\t\t\t<\/h4>\n\t\t\t\t\n\t\t\t\t\t\t\t<\/div>\n\t\t<\/div>\n\t\t\t\t<div class=\"post-item-layout-1 post-5323 post type-post status-publish format-standard has-post-thumbnail hentry category-mercado category-tecnologia tag-mercado-automotivo tag-sustentabilidade tag-tecnologia tag-tecnologias-automotivas\" >\n\t\t\t\t\t\t\t<div class=\"entry-media\">\n\t\t\t\t\t<a href=\"https:\/\/www.metagal.com.br\/blog\/pecas-automotivas-e-esg-o-setor-esta-mudando-para-melhor\/\" class=\"wrap-link\" width=\"86\" height=\"86\" ><img loading=\"lazy\" decoding=\"async\" width=\"86\" height=\"86\"  src=\"https:\/\/www.metagal.com.br\/blog\/wp-content\/uploads\/magazette\/blank-86x86.png\" data-src=\"https:\/\/www.metagal.com.br\/blog\/wp-content\/uploads\/2025\/07\/MG_blogpost2_Julho_2025_V1-01-86x86.png\" alt=\"Pe\u00e7as automotivas e ESG: o setor est\u00e1 mudando para melhor?\" class=\"lazy-hidden\"><\/a>\t\t\t\t\t\t\t\t\t<\/div>\n\t\t\t\t\t\t<div class=\"entry-content item-layout-1\">\n\t\t\t\t<div class=\"entry-meta\">\n\t\t\t\t\t<span class=\"meta-category\"><a href=\"https:\/\/www.metagal.com.br\/blog\/categoria\/mercado\/\">Mercado<\/a><\/span><span class=\"entry-date\"><a href=\"https:\/\/www.metagal.com.br\/blog\/pecas-automotivas-e-esg-o-setor-esta-mudando-para-melhor\/\">13 de agosto de 2025<\/a><\/span>\t\t\t\t<\/div>\n\t\t\t\t<h4 class=\"entry-title\">\n\t\t\t\t\t<a href=\"https:\/\/www.metagal.com.br\/blog\/pecas-automotivas-e-esg-o-setor-esta-mudando-para-melhor\/\">\n\t\t\t\t\t\tPe\u00e7as automotivas e ESG: o setor est\u00e1 mudando para melhor?\t\t\t\t\t<\/a>\n\t\t\t\t<\/h4>\n\t\t\t\t\n\t\t\t\t\t\t\t<\/div>\n\t\t<\/div>\n\t\t<\/div> <!-- close small --><\/div> <!-- close inner-col --><\/div>\n\t\t<\/div>\n\t<\/div><div class=\"thim-sc-block5 style-1 second-section column-number-2  \"\n\t data-max-page=\"19\"\n\t data-params='{\"title\":\"Mercado\",\"style\":\"style-1\",\"column\":\"2\",\"layout\":\"item-layout-1\",\"display_number\":\"no\",\"display_category\":\"yes\",\"display_date\":\"yes\",\"image_size\":\"86x86\",\"highlight_image_size\":\"376x235\",\"highlight\":\"1\",\"highlight_layout\":\"hl-layout-3\",\"highlight_display_category\":\"yes\",\"highlight_display_date\":\"yes\",\"highlight_excerpt_length\":\"10\",\"data\":\"size:6|order_by:date|order:DESC|post_type:post|categories:113\",\"trending\":\"no\",\"filter\":\"yes\",\"readmore_text\":\"View More\",\"readmore_link\":\"\",\"el_class\":\"second-section\",\"sc-name\":\"block-5\",\"loop_settings\":{\"size\":\"6\",\"order_by\":\"date\",\"order\":\"DESC\",\"post_type\":\"post\",\"categories\":\"113\"}}' id=\"thim_69f5b549ba708\">\n\t\t<h3 class=\"sc-title\">\n\t\t\t\t<span class=\"title\">\n\t\t\t\t\t\tMercado\t\t\t\t\t\t<span class=\"line\"><\/span>\n\t\t<\/span>\n\n\t\t\n\t<\/h3>\n\t\t\t\t\t\t\t<div class=\"loop-wrapper hl-layout-3\">\n\t\t\t<div class=\"sc-loop row\">\n<div class=\"inner-col col-sm-6\"><div class=\"row-big no-carousel\">\t\t<div class=\"post-item-layout-1 post-5435 post type-post status-publish format-standard has-post-thumbnail hentry category-mercado tag-direcao-segura tag-lei-do-retrovisor tag-leis-de-transito tag-retrovisor tag-seguranca tag-seguranca-automotiva\" >\n\t\t\t\t\t\t\t<div class=\"entry-media\">\n\t\t\t\t\t<a href=\"https:\/\/www.metagal.com.br\/blog\/lei-do-retrovisor\/\" class=\"wrap-link\" width=\"376\" height=\"235\" ><img loading=\"lazy\" decoding=\"async\" width=\"376\" height=\"235\"  src=\"https:\/\/www.metagal.com.br\/blog\/wp-content\/uploads\/magazette\/blank-376x235.png\" data-src=\"https:\/\/www.metagal.com.br\/blog\/wp-content\/uploads\/2026\/03\/MG_blogpost1_Mar_2026_V1-01-376x235.png\" alt=\"Lei do retrovisor: falta de cumprimento \u00e9 considerada infra\u00e7\u00e3o grave\" class=\"lazy-hidden\"><\/a>\t\t\t\t\t<span class=\"meta-category\"><a href=\"https:\/\/www.metagal.com.br\/blog\/categoria\/mercado\/\">Mercado<\/a><\/span>\t\t\t\t<\/div>\n\t\t\t\t\t\t<div class=\"entry-content hl-layout-3\">\n\t\t\t\t<div class=\"entry-meta\">\n\t\t\t\t\t<span class=\"author vcard\"> <a href=\"https:\/\/www.metagal.com.br\/blog\/autor\/layerup\/\" rel=\"author\">Metagal<\/a><\/span><span class=\"entry-date\"><a href=\"https:\/\/www.metagal.com.br\/blog\/lei-do-retrovisor\/\">16 de mar\u00e7o de 2026<\/a><\/span>\t\t\t\t<\/div>\n\t\t\t\t<h4 class=\"entry-title\">\n\t\t\t\t\t<a href=\"https:\/\/www.metagal.com.br\/blog\/lei-do-retrovisor\/\">\n\t\t\t\t\t\tLei do retrovisor: falta de cumprimento \u00e9 considerada infra\u00e7\u00e3o grave\t\t\t\t\t<\/a>\n\t\t\t\t<\/h4>\n\t\t\t\t\t\t\t\t\t<div class=\"entry-excerpt\">\n\t\t\t\t\t\t\t\t\t\t\t<\/div>\n\t\t\t\t\n\t\t\t\t\t\t\t<\/div>\n\t\t<\/div>\n\t\t<\/div><div class=\"row-small\">\t\t<div class=\"post-item-layout-1 post-5425 post type-post status-publish format-standard has-post-thumbnail hentry category-mercado category-tecnologia tag-carros-inteligentes tag-fabrica-de-retrovisores tag-metagal tag-retrovisores tag-retrovisores-automotivos tag-tecnologia-automotiva\" >\n\t\t\t\t\t\t\t<div class=\"entry-media\">\n\t\t\t\t\t<a href=\"https:\/\/www.metagal.com.br\/blog\/carros-inteligentes\/\" class=\"wrap-link\" width=\"86\" height=\"86\" ><img loading=\"lazy\" decoding=\"async\" width=\"86\" height=\"86\"  src=\"https:\/\/www.metagal.com.br\/blog\/wp-content\/uploads\/magazette\/blank-86x86.png\" data-src=\"https:\/\/www.metagal.com.br\/blog\/wp-content\/uploads\/2026\/02\/MG_blogpost1_Parte-1_Fev_2026_V1-01-86x86.png\" alt=\"Carros inteligentes: o que s\u00e3o, como funcionam e por que est\u00e3o moldando o futuro do setor automobil\u00edstico?\" class=\"lazy-hidden\"><\/a>\t\t\t\t\t\t\t\t\t<\/div>\n\t\t\t\t\t\t<div class=\"entry-content item-layout-1\">\n\t\t\t\t<div class=\"entry-meta\">\n\t\t\t\t\t<span class=\"meta-category\"><a href=\"https:\/\/www.metagal.com.br\/blog\/categoria\/mercado\/\">Mercado<\/a><\/span><span class=\"entry-date\"><a href=\"https:\/\/www.metagal.com.br\/blog\/carros-inteligentes\/\">6 de fevereiro de 2026<\/a><\/span>\t\t\t\t<\/div>\n\t\t\t\t<h4 class=\"entry-title\">\n\t\t\t\t\t<a href=\"https:\/\/www.metagal.com.br\/blog\/carros-inteligentes\/\">\n\t\t\t\t\t\tCarros inteligentes: o que s\u00e3o, como funcionam e por que est\u00e3o moldando o futuro do setor automobil\u00edstico?\t\t\t\t\t<\/a>\n\t\t\t\t<\/h4>\n\t\t\t\t\n\t\t\t\t\t\t\t<\/div>\n\t\t<\/div>\n\t\t\t\t<div class=\"post-item-layout-1 post-5381 post type-post status-publish format-standard has-post-thumbnail hentry category-mercado tag-carros-importados tag-carros-importados-no-brasil tag-mercado-automotivo tag-mercado-automotivo-brasileiro\" >\n\t\t\t\t\t\t\t<div class=\"entry-media\">\n\t\t\t\t\t<a href=\"https:\/\/www.metagal.com.br\/blog\/carros-importados-mercado-automotivo-anos-90\/\" class=\"wrap-link\" width=\"86\" height=\"86\" ><img loading=\"lazy\" decoding=\"async\" width=\"86\" height=\"86\"  src=\"https:\/\/www.metagal.com.br\/blog\/wp-content\/uploads\/magazette\/blank-86x86.png\" data-src=\"https:\/\/www.metagal.com.br\/blog\/wp-content\/uploads\/2025\/09\/Como-a-chegada-dos-carros-importados-mudou-o-mercado-automotivo-nos-anos-90-86x86.png\" alt=\"Como a chegada dos carros importados mudou o mercado automotivo brasileiro nos anos 90\" class=\"lazy-hidden\"><\/a>\t\t\t\t\t\t\t\t\t<\/div>\n\t\t\t\t\t\t<div class=\"entry-content item-layout-1\">\n\t\t\t\t<div class=\"entry-meta\">\n\t\t\t\t\t<span class=\"meta-category\"><a href=\"https:\/\/www.metagal.com.br\/blog\/categoria\/mercado\/\">Mercado<\/a><\/span><span class=\"entry-date\"><a href=\"https:\/\/www.metagal.com.br\/blog\/carros-importados-mercado-automotivo-anos-90\/\">5 de outubro de 2025<\/a><\/span>\t\t\t\t<\/div>\n\t\t\t\t<h4 class=\"entry-title\">\n\t\t\t\t\t<a href=\"https:\/\/www.metagal.com.br\/blog\/carros-importados-mercado-automotivo-anos-90\/\">\n\t\t\t\t\t\tComo a chegada dos carros importados mudou o mercado automotivo brasileiro nos anos 90\t\t\t\t\t<\/a>\n\t\t\t\t<\/h4>\n\t\t\t\t\n\t\t\t\t\t\t\t<\/div>\n\t\t<\/div>\n\t\t<\/div> <!-- close small --><\/div> <!-- close inner-col --><div class=\"inner-col col-sm-6\"><div class=\"row-big no-carousel\">\t\t<div class=\"post-item-layout-1 post-5374 post type-post status-publish format-standard has-post-thumbnail hentry category-mercado tag-cnh tag-cnh-mais-barata tag-inovacao tag-seguranca\" >\n\t\t\t\t\t\t\t<div class=\"entry-media\">\n\t\t\t\t\t<a href=\"https:\/\/www.metagal.com.br\/blog\/nova-cnh-mais-barata\/\" class=\"wrap-link\" width=\"376\" height=\"235\" ><img loading=\"lazy\" decoding=\"async\" width=\"376\" height=\"235\"  src=\"https:\/\/www.metagal.com.br\/blog\/wp-content\/uploads\/magazette\/blank-376x235.png\" data-src=\"https:\/\/www.metagal.com.br\/blog\/wp-content\/uploads\/2025\/09\/Nova-CNH-mais-barata-Metagal-376x235.png\" alt=\"Nova CNH mais barata? O que muda com o projeto que prop\u00f5e o fim da obrigatoriedade das autoescolas\" class=\"lazy-hidden\"><\/a>\t\t\t\t\t<span class=\"meta-category\"><a href=\"https:\/\/www.metagal.com.br\/blog\/categoria\/mercado\/\">Mercado<\/a><\/span>\t\t\t\t<\/div>\n\t\t\t\t\t\t<div class=\"entry-content hl-layout-3\">\n\t\t\t\t<div class=\"entry-meta\">\n\t\t\t\t\t<span class=\"author vcard\"> <a href=\"https:\/\/www.metagal.com.br\/blog\/autor\/layerup\/\" rel=\"author\">Metagal<\/a><\/span><span class=\"entry-date\"><a href=\"https:\/\/www.metagal.com.br\/blog\/nova-cnh-mais-barata\/\">17 de setembro de 2025<\/a><\/span>\t\t\t\t<\/div>\n\t\t\t\t<h4 class=\"entry-title\">\n\t\t\t\t\t<a href=\"https:\/\/www.metagal.com.br\/blog\/nova-cnh-mais-barata\/\">\n\t\t\t\t\t\tNova CNH mais barata? O que muda com o projeto que prop\u00f5e o fim da obrigatoriedade das autoescolas\t\t\t\t\t<\/a>\n\t\t\t\t<\/h4>\n\t\t\t\t\t\t\t\t\t<div class=\"entry-excerpt\">\n\t\t\t\t\t\t\t\t\t\t\t<\/div>\n\t\t\t\t\n\t\t\t\t\t\t\t<\/div>\n\t\t<\/div>\n\t\t<\/div><div class=\"row-small\">\t\t<div class=\"post-item-layout-1 post-5365 post type-post status-publish format-standard has-post-thumbnail hentry category-mercado category-tecnologia tag-metagal tag-personalizacoes-automotivas tag-seguranca tag-tecnologia\" >\n\t\t\t\t\t\t\t<div class=\"entry-media\">\n\t\t\t\t\t<a href=\"https:\/\/www.metagal.com.br\/blog\/personalizacoes-automotivas-irregulares\/\" class=\"wrap-link\" width=\"86\" height=\"86\" ><img loading=\"lazy\" decoding=\"async\" width=\"86\" height=\"86\"  src=\"https:\/\/www.metagal.com.br\/blog\/wp-content\/uploads\/magazette\/blank-86x86.png\" data-src=\"https:\/\/www.metagal.com.br\/blog\/wp-content\/uploads\/2025\/08\/Personalizacoes-automotivas-irregulares-Metagal-86x86.png\" alt=\"Personaliza\u00e7\u00f5es automotivas irregulares: o que dizem as leis e quais os riscos para a seguran\u00e7a no tr\u00e2nsito\" class=\"lazy-hidden\"><\/a>\t\t\t\t\t\t\t\t\t<\/div>\n\t\t\t\t\t\t<div class=\"entry-content item-layout-1\">\n\t\t\t\t<div class=\"entry-meta\">\n\t\t\t\t\t<span class=\"meta-category\"><a href=\"https:\/\/www.metagal.com.br\/blog\/categoria\/mercado\/\">Mercado<\/a><\/span><span class=\"entry-date\"><a href=\"https:\/\/www.metagal.com.br\/blog\/personalizacoes-automotivas-irregulares\/\">3 de setembro de 2025<\/a><\/span>\t\t\t\t<\/div>\n\t\t\t\t<h4 class=\"entry-title\">\n\t\t\t\t\t<a href=\"https:\/\/www.metagal.com.br\/blog\/personalizacoes-automotivas-irregulares\/\">\n\t\t\t\t\t\tPersonaliza\u00e7\u00f5es automotivas irregulares: o que dizem as leis e quais os riscos para a seguran\u00e7a no tr\u00e2nsito\t\t\t\t\t<\/a>\n\t\t\t\t<\/h4>\n\t\t\t\t\n\t\t\t\t\t\t\t<\/div>\n\t\t<\/div>\n\t\t\t\t<div class=\"post-item-layout-1 post-5323 post type-post status-publish format-standard has-post-thumbnail hentry category-mercado category-tecnologia tag-mercado-automotivo tag-sustentabilidade tag-tecnologia tag-tecnologias-automotivas\" >\n\t\t\t\t\t\t\t<div class=\"entry-media\">\n\t\t\t\t\t<a href=\"https:\/\/www.metagal.com.br\/blog\/pecas-automotivas-e-esg-o-setor-esta-mudando-para-melhor\/\" class=\"wrap-link\" width=\"86\" height=\"86\" ><img loading=\"lazy\" decoding=\"async\" width=\"86\" height=\"86\"  src=\"https:\/\/www.metagal.com.br\/blog\/wp-content\/uploads\/magazette\/blank-86x86.png\" data-src=\"https:\/\/www.metagal.com.br\/blog\/wp-content\/uploads\/2025\/07\/MG_blogpost2_Julho_2025_V1-01-86x86.png\" alt=\"Pe\u00e7as automotivas e ESG: o setor est\u00e1 mudando para melhor?\" class=\"lazy-hidden\"><\/a>\t\t\t\t\t\t\t\t\t<\/div>\n\t\t\t\t\t\t<div class=\"entry-content item-layout-1\">\n\t\t\t\t<div class=\"entry-meta\">\n\t\t\t\t\t<span class=\"meta-category\"><a href=\"https:\/\/www.metagal.com.br\/blog\/categoria\/mercado\/\">Mercado<\/a><\/span><span class=\"entry-date\"><a href=\"https:\/\/www.metagal.com.br\/blog\/pecas-automotivas-e-esg-o-setor-esta-mudando-para-melhor\/\">13 de agosto de 2025<\/a><\/span>\t\t\t\t<\/div>\n\t\t\t\t<h4 class=\"entry-title\">\n\t\t\t\t\t<a href=\"https:\/\/www.metagal.com.br\/blog\/pecas-automotivas-e-esg-o-setor-esta-mudando-para-melhor\/\">\n\t\t\t\t\t\tPe\u00e7as automotivas e ESG: o setor est\u00e1 mudando para melhor?\t\t\t\t\t<\/a>\n\t\t\t\t<\/h4>\n\t\t\t\t\n\t\t\t\t\t\t\t<\/div>\n\t\t<\/div>\n\t\t<\/div> <!-- close small --><\/div> <!-- close inner-col --><\/div>\n\t\t<\/div>\n\t<\/div>[vc_empty_space height=&#8221;60px&#8221;][\/vc_column][vc_column width=&#8221;3\/12&#8243; el_class=&#8221;sticky-sidebar like-sidebar&#8221;]<div class=\"thim-sc-block5 style-1 sidebar-mercado column-number-1  no-small-item \"\n\t data-max-page=\"44\"\n\t data-params='{\"title\":\"\",\"style\":\"style-1\",\"column\":\"1\",\"layout\":\"item-layout-1\",\"display_number\":\"no\",\"display_category\":\"yes\",\"display_date\":\"yes\",\"image_size\":\"86x86\",\"highlight_image_size\":\"318x480\",\"highlight\":\"4\",\"highlight_layout\":\"hl-layout-1\",\"highlight_display_category\":\"yes\",\"highlight_display_date\":\"yes\",\"highlight_excerpt_length\":\"0\",\"data\":\"size:4|order_by:title|order:ASC\",\"trending\":\"no\",\"filter\":\"no\",\"readmore_text\":\"\",\"readmore_link\":\"\",\"el_class\":\"sidebar-mercado\",\"sc-name\":\"block-5\",\"loop_settings\":{\"size\":\"4\",\"order_by\":\"title\",\"order\":\"ASC\"}}' id=\"thim_69f5b549c89a8\">\n\t\t\t\t\t<div class=\"loop-wrapper hl-layout-1\">\n\t\t\t<div class=\"sc-loop row\">\n<div class=\"inner-col col-sm-12\"><div class=\"row-big owl-carousel owl-theme\">\t\t<div class=\"post-item-layout-1 post-5044 post type-post status-publish format-standard has-post-thumbnail hentry category-tecnologia tag-carros-autonomos tag-niveis-de-automacao\" >\n\t\t\t\t\t\t\t<div class=\"entry-media\">\n\t\t\t\t\t<a href=\"https:\/\/www.metagal.com.br\/blog\/3-vantagens-e-desvantagens-dos-carros-autonomos\/\" class=\"wrap-link\" width=\"318\" height=\"480\" ><img loading=\"lazy\" decoding=\"async\" width=\"318\" height=\"480\"  src=\"https:\/\/www.metagal.com.br\/blog\/wp-content\/uploads\/magazette\/blank-318x480.png\" data-src=\"https:\/\/www.metagal.com.br\/blog\/wp-content\/uploads\/2024\/01\/BLOGPOST1-JAN-PARTE1-METAGAL-318x480.png\" alt=\"3 vantagens e desvantagens dos carros aut\u00f4nomos\" class=\"lazy-hidden\"><\/a>\t\t\t\t\t\t\t\t\t<\/div>\n\t\t\t\t\t\t<div class=\"entry-content hl-layout-1\">\n\t\t\t\t<div class=\"entry-meta\">\n\t\t\t\t\t<span class=\"meta-category\"><a href=\"https:\/\/www.metagal.com.br\/blog\/categoria\/tecnologia\/\">Tecnologia<\/a><\/span><span class=\"entry-date\"><a href=\"https:\/\/www.metagal.com.br\/blog\/3-vantagens-e-desvantagens-dos-carros-autonomos\/\">19 de janeiro de 2024<\/a><\/span>\t\t\t\t<\/div>\n\t\t\t\t<h4 class=\"entry-title\">\n\t\t\t\t\t<a href=\"https:\/\/www.metagal.com.br\/blog\/3-vantagens-e-desvantagens-dos-carros-autonomos\/\">\n\t\t\t\t\t\t3 vantagens e desvantagens dos carros aut\u00f4nomos\t\t\t\t\t<\/a>\n\t\t\t\t<\/h4>\n\t\t\t\t\n\t\t\t\t\t\t\t<\/div>\n\t\t<\/div>\n\t\t\t\t<div class=\"post-item-layout-1 post-4327 post type-post status-publish format-standard has-post-thumbnail hentry category-projetos-sociais tag-igualdade-na-industria\" >\n\t\t\t\t\t\t\t<div class=\"entry-media\">\n\t\t\t\t\t<a href=\"https:\/\/www.metagal.com.br\/blog\/a-igualdade-de-generos-no-setor-autuomotivo\/\" class=\"wrap-link\" width=\"318\" height=\"480\" ><img loading=\"lazy\" decoding=\"async\" width=\"318\" height=\"480\"  src=\"https:\/\/www.metagal.com.br\/blog\/wp-content\/uploads\/magazette\/blank-318x480.png\" data-src=\"https:\/\/www.metagal.com.br\/blog\/wp-content\/uploads\/2019\/10\/BPS_SIT_METAGAL_01-10-2019-318x480.jpg\" alt=\"A igualdade de g\u00eaneros no setor automotivo\" class=\"lazy-hidden\"><\/a>\t\t\t\t\t\t\t\t\t<\/div>\n\t\t\t\t\t\t<div class=\"entry-content hl-layout-1\">\n\t\t\t\t<div class=\"entry-meta\">\n\t\t\t\t\t<span class=\"meta-category\"><a href=\"https:\/\/www.metagal.com.br\/blog\/categoria\/projetos-sociais\/\">Projetos sociais<\/a><\/span><span class=\"entry-date\"><a href=\"https:\/\/www.metagal.com.br\/blog\/a-igualdade-de-generos-no-setor-autuomotivo\/\">15 de outubro de 2019<\/a><\/span>\t\t\t\t<\/div>\n\t\t\t\t<h4 class=\"entry-title\">\n\t\t\t\t\t<a href=\"https:\/\/www.metagal.com.br\/blog\/a-igualdade-de-generos-no-setor-autuomotivo\/\">\n\t\t\t\t\t\tA igualdade de g\u00eaneros no setor automotivo\t\t\t\t\t<\/a>\n\t\t\t\t<\/h4>\n\t\t\t\t\n\t\t\t\t\t\t\t<\/div>\n\t\t<\/div>\n\t\t\t\t<div class=\"post-item-layout-1 post-5276 post type-post status-publish format-standard has-post-thumbnail hentry category-tecnologia tag-airbags tag-manutencao-automotiva tag-recall tag-recall-automotivo tag-seguranca-automotiva\" >\n\t\t\t\t\t\t\t<div class=\"entry-media\">\n\t\t\t\t\t<a href=\"https:\/\/www.metagal.com.br\/blog\/recalls-seguranca-automotiva\/\" class=\"wrap-link\" width=\"318\" height=\"480\" ><img loading=\"lazy\" decoding=\"async\" width=\"318\" height=\"480\"  src=\"https:\/\/www.metagal.com.br\/blog\/wp-content\/uploads\/magazette\/blank-318x480.png\" data-src=\"https:\/\/www.metagal.com.br\/blog\/wp-content\/uploads\/2025\/05\/seguranca-automotiva-metagal-3-318x480.png\" alt=\"A import\u00e2ncia dos recalls: como garantir a seguran\u00e7a automotiva e evitar acidentes\" class=\"lazy-hidden\"><\/a>\t\t\t\t\t\t\t\t\t<\/div>\n\t\t\t\t\t\t<div class=\"entry-content hl-layout-1\">\n\t\t\t\t<div class=\"entry-meta\">\n\t\t\t\t\t<span class=\"meta-category\"><a href=\"https:\/\/www.metagal.com.br\/blog\/categoria\/tecnologia\/\">Tecnologia<\/a><\/span><span class=\"entry-date\"><a href=\"https:\/\/www.metagal.com.br\/blog\/recalls-seguranca-automotiva\/\">10 de maio de 2025<\/a><\/span>\t\t\t\t<\/div>\n\t\t\t\t<h4 class=\"entry-title\">\n\t\t\t\t\t<a href=\"https:\/\/www.metagal.com.br\/blog\/recalls-seguranca-automotiva\/\">\n\t\t\t\t\t\tA import\u00e2ncia dos recalls: como garantir a seguran\u00e7a automotiva e evitar acidentes\t\t\t\t\t<\/a>\n\t\t\t\t<\/h4>\n\t\t\t\t\n\t\t\t\t\t\t\t<\/div>\n\t\t<\/div>\n\t\t\t\t<div class=\"post-item-layout-1 post-4793 post type-post status-publish format-standard has-post-thumbnail hentry category-tecnologia tag-carros-conectados tag-experiencia-de-compra tag-inteligencia-artificial tag-mercado-automotivo\" >\n\t\t\t\t\t\t\t<div class=\"entry-media\">\n\t\t\t\t\t<a href=\"https:\/\/www.metagal.com.br\/blog\/inteligencia-artificial-fazendo-historia-setor-automotivo\/\" class=\"wrap-link\" width=\"318\" height=\"480\" ><img loading=\"lazy\" decoding=\"async\" width=\"318\" height=\"480\"  src=\"https:\/\/www.metagal.com.br\/blog\/wp-content\/uploads\/magazette\/blank-318x480.png\" data-src=\"https:\/\/www.metagal.com.br\/blog\/wp-content\/uploads\/2022\/08\/Header-1-318x480.jpg\" alt=\"A intelig\u00eancia artificial est\u00e1 fazendo hist\u00f3ria no setor automotivo\" class=\"lazy-hidden\"><\/a>\t\t\t\t\t\t\t\t\t<\/div>\n\t\t\t\t\t\t<div class=\"entry-content hl-layout-1\">\n\t\t\t\t<div class=\"entry-meta\">\n\t\t\t\t\t<span class=\"meta-category\"><a href=\"https:\/\/www.metagal.com.br\/blog\/categoria\/tecnologia\/\">Tecnologia<\/a><\/span><span class=\"entry-date\"><a href=\"https:\/\/www.metagal.com.br\/blog\/inteligencia-artificial-fazendo-historia-setor-automotivo\/\">29 de agosto de 2022<\/a><\/span>\t\t\t\t<\/div>\n\t\t\t\t<h4 class=\"entry-title\">\n\t\t\t\t\t<a href=\"https:\/\/www.metagal.com.br\/blog\/inteligencia-artificial-fazendo-historia-setor-automotivo\/\">\n\t\t\t\t\t\tA intelig\u00eancia artificial est\u00e1 fazendo hist\u00f3ria no setor automotivo\t\t\t\t\t<\/a>\n\t\t\t\t<\/h4>\n\t\t\t\t\n\t\t\t\t\t\t\t<\/div>\n\t\t<\/div>\n\t\t<\/div> <!-- close small --><\/div> <!-- close inner-col --><\/div>\n\t\t<\/div>\n\t<\/div><div class=\"thim-sc-block33 \">\n\t\t<h3 class=\"sc-title\">\n\t\t\t\t<span class=\"title\">\n\t\t\t\t\t\tMais acessados\t\t\t\t\t\t<span class=\"line\"><\/span>\n\t\t<\/span>\n\n\t\t\n\t<\/h3>\n\t\t\t<div class=\"loop-wrapper\">\n\t\t\t\t\t\t\t\t\t\t\t\t\t\t<div class=\"layout-4 post-5435 post type-post status-publish format-standard has-post-thumbnail hentry category-mercado tag-direcao-segura tag-lei-do-retrovisor tag-leis-de-transito tag-retrovisor tag-seguranca tag-seguranca-automotiva\" >\n\t\t\t\t\t\t\t<div class=\"entry-content\">\n\t\t\t\t\t\t\t\t<span class=\"number\">1<\/span>\n\t\t\t\t\t\t\t\t<div class=\"entry-meta\">\n\t\t\t\t\t\t\t\t\t<span class=\"meta-category\"><a href=\"https:\/\/www.metagal.com.br\/blog\/categoria\/mercado\/\">Mercado<\/a><\/span><span class=\"entry-date\"><a href=\"https:\/\/www.metagal.com.br\/blog\/lei-do-retrovisor\/\">16 de mar\u00e7o de 2026<\/a><\/span>\t\t\t\t\t\t\t\t<\/div>\n\t\t\t\t\t\t\t\t<h4 class=\"entry-title\">\n\t\t\t\t\t\t\t\t\t<a href=\"https:\/\/www.metagal.com.br\/blog\/lei-do-retrovisor\/\">\n\t\t\t\t\t\t\t\t\t\tLei do retrovisor: falta de cumprimento \u00e9 considerada infra\u00e7\u00e3o grave\t\t\t\t\t\t\t\t\t<\/a>\n\t\t\t\t\t\t\t\t<\/h4>\n\t\t\t\t\t\t\t<\/div>\n\t\t\t\t\t\t<\/div>\n\t\t\t\t\t\t\t\t\t\t\t\t\t\t\t\t\t\t\t\t\t<div class=\"layout-4 post-5425 post type-post status-publish format-standard has-post-thumbnail hentry category-mercado category-tecnologia tag-carros-inteligentes tag-fabrica-de-retrovisores tag-metagal tag-retrovisores tag-retrovisores-automotivos tag-tecnologia-automotiva\" >\n\t\t\t\t\t\t\t<div class=\"entry-content\">\n\t\t\t\t\t\t\t\t<span class=\"number\">2<\/span>\n\t\t\t\t\t\t\t\t<div class=\"entry-meta\">\n\t\t\t\t\t\t\t\t\t<span class=\"meta-category\"><a href=\"https:\/\/www.metagal.com.br\/blog\/categoria\/mercado\/\">Mercado<\/a><\/span><span class=\"entry-date\"><a href=\"https:\/\/www.metagal.com.br\/blog\/carros-inteligentes\/\">6 de fevereiro de 2026<\/a><\/span>\t\t\t\t\t\t\t\t<\/div>\n\t\t\t\t\t\t\t\t<h4 class=\"entry-title\">\n\t\t\t\t\t\t\t\t\t<a href=\"https:\/\/www.metagal.com.br\/blog\/carros-inteligentes\/\">\n\t\t\t\t\t\t\t\t\t\tCarros inteligentes: o que s\u00e3o, como funcionam e por que est\u00e3o moldando o futuro do setor automobil\u00edstico?\t\t\t\t\t\t\t\t\t<\/a>\n\t\t\t\t\t\t\t\t<\/h4>\n\t\t\t\t\t\t\t<\/div>\n\t\t\t\t\t\t<\/div>\n\t\t\t\t\t\t\t\t\t\t\t\t\t\t\t\t\t\t\t\t\t<div class=\"layout-4 post-5407 post type-post status-publish format-standard has-post-thumbnail hentry category-tecnologia tag-direcao-confortavel tag-direcao-segura tag-ofuscamento-de-visao tag-seguranca-automotiva\" >\n\t\t\t\t\t\t\t<div class=\"entry-content\">\n\t\t\t\t\t\t\t\t<span class=\"number\">3<\/span>\n\t\t\t\t\t\t\t\t<div class=\"entry-meta\">\n\t\t\t\t\t\t\t\t\t<span class=\"meta-category\"><a href=\"https:\/\/www.metagal.com.br\/blog\/categoria\/tecnologia\/\">Tecnologia<\/a><\/span><span class=\"entry-date\"><a href=\"https:\/\/www.metagal.com.br\/blog\/seguranca-transito-como-evitar-ofuscamento-visao\/\">26 de janeiro de 2026<\/a><\/span>\t\t\t\t\t\t\t\t<\/div>\n\t\t\t\t\t\t\t\t<h4 class=\"entry-title\">\n\t\t\t\t\t\t\t\t\t<a href=\"https:\/\/www.metagal.com.br\/blog\/seguranca-transito-como-evitar-ofuscamento-visao\/\">\n\t\t\t\t\t\t\t\t\t\tSeguran\u00e7a no tr\u00e2nsito: como evitar o ofuscamento da vis\u00e3o e dirigir com mais conforto no ver\u00e3o?\t\t\t\t\t\t\t\t\t<\/a>\n\t\t\t\t\t\t\t\t<\/h4>\n\t\t\t\t\t\t\t<\/div>\n\t\t\t\t\t\t<\/div>\n\t\t\t\t\t\t\t\t\t\t\t\t\t\t\t\t\t\t\t\t\t<div class=\"layout-4 post-5390 post type-post status-publish format-standard has-post-thumbnail hentry category-sem-categoria tag-baixa-visibilidade tag-metagal tag-neblina tag-seguranca-na-estrada tag-transito-seguro tag-visibilidade\" >\n\t\t\t\t\t\t\t<div class=\"entry-content\">\n\t\t\t\t\t\t\t\t<span class=\"number\">4<\/span>\n\t\t\t\t\t\t\t\t<div class=\"entry-meta\">\n\t\t\t\t\t\t\t\t\t<span class=\"meta-category\"><a href=\"https:\/\/www.metagal.com.br\/blog\/categoria\/sem-categoria\/\">Sem categoria<\/a><\/span><span class=\"entry-date\"><a href=\"https:\/\/www.metagal.com.br\/blog\/neblina-e-baixa-visibilidade\/\">14 de novembro de 2025<\/a><\/span>\t\t\t\t\t\t\t\t<\/div>\n\t\t\t\t\t\t\t\t<h4 class=\"entry-title\">\n\t\t\t\t\t\t\t\t\t<a href=\"https:\/\/www.metagal.com.br\/blog\/neblina-e-baixa-visibilidade\/\">\n\t\t\t\t\t\t\t\t\t\tNeblina e baixa visibilidade: o que todo motorista precisa saber para ter seguran\u00e7a na estrada\t\t\t\t\t\t\t\t\t<\/a>\n\t\t\t\t\t\t\t\t<\/h4>\n\t\t\t\t\t\t\t<\/div>\n\t\t\t\t\t\t<\/div>\n\t\t\t\t\t\t\t\t\t\t\t\t\t\t\t\t\t\t\t\t\t<div class=\"layout-4 post-5381 post type-post status-publish format-standard has-post-thumbnail hentry category-mercado tag-carros-importados tag-carros-importados-no-brasil tag-mercado-automotivo tag-mercado-automotivo-brasileiro\" >\n\t\t\t\t\t\t\t<div class=\"entry-content\">\n\t\t\t\t\t\t\t\t<span class=\"number\">5<\/span>\n\t\t\t\t\t\t\t\t<div class=\"entry-meta\">\n\t\t\t\t\t\t\t\t\t<span class=\"meta-category\"><a href=\"https:\/\/www.metagal.com.br\/blog\/categoria\/mercado\/\">Mercado<\/a><\/span><span class=\"entry-date\"><a href=\"https:\/\/www.metagal.com.br\/blog\/carros-importados-mercado-automotivo-anos-90\/\">5 de outubro de 2025<\/a><\/span>\t\t\t\t\t\t\t\t<\/div>\n\t\t\t\t\t\t\t\t<h4 class=\"entry-title\">\n\t\t\t\t\t\t\t\t\t<a href=\"https:\/\/www.metagal.com.br\/blog\/carros-importados-mercado-automotivo-anos-90\/\">\n\t\t\t\t\t\t\t\t\t\tComo a chegada dos carros importados mudou o mercado automotivo brasileiro nos anos 90\t\t\t\t\t\t\t\t\t<\/a>\n\t\t\t\t\t\t\t\t<\/h4>\n\t\t\t\t\t\t\t<\/div>\n\t\t\t\t\t\t<\/div>\n\t\t\t\t\t\t\t\t\t\t\t\t<\/div>\n\t<\/div><div class=\"thim-sc-social-links  list2 align-left\">\n\t\t<h3 class=\"sc-title\">\n\t\t\t\t<span class=\"title\">\n\t\t\t\t\t\tRedes\t\t\t\t\t\t<span class=\"line\"><\/span>\n\t\t<\/span>\n\n\t\t\n\t<\/h3>\n\t<ul class=\"socials icon-size30px has-border diagonal\">\t\t<li class=\"facebook\">\n\t\t\t<a href=\"https:\/\/www.facebook.com\/Metagal-102334684049716\/\">\n\t\t\t\t\t\t\t\t\t<i class=\"social-icon fa fa-facebook\"><\/i>\n\t\t\t\t\t\t\t\t\t\t\t\t\t<span class=\"social-name\">Facebook<\/span>\n\t\t\t\t\t\t\t\t\t\t\t\t\t\t\t\t\t\t\t<span class=\"social-label\">1928 Like<\/span>\n\t\t\t\t\t\t\t\t\t\t\t\t<\/a>\n\t\t<\/li>\n\t\t\t<li class=\"linkedin\">\n\t\t\t<a href=\"https:\/\/www.linkedin.com\/company\/metagal\/\">\n\t\t\t\t\t\t\t\t\t<i class=\"social-icon fa fa-linkedin\"><\/i>\n\t\t\t\t\t\t\t\t\t\t\t\t\t<span class=\"social-name\">Linkedin<\/span>\n\t\t\t\t\t\t\t\t\t\t\t\t\t\t\t\t\t\t\t<span class=\"social-label\">1928 follows<\/span>\n\t\t\t\t\t\t\t\t\t\t\t\t<\/a>\n\t\t<\/li>\n\t<\/ul><\/div>[\/vc_column][\/vc_row][vc_row full_width=&#8221;stretch_row&#8221; css=&#8221;.vc_custom_1539042338345{background-color: #282828 !important;}&#8221; el_id=&#8221;videos-metagal&#8221;][vc_column][vc_text_separator title=&#8221;V\u00eddeos&#8221; color=&#8221;orange&#8221; el_id=&#8221;linha-titulo-videos&#8221;]<div class=\"thim-sc-block17 \">\n\t\t\t<h3 class=\"sc-title\">\n\t\t\t<span class=\"inner-title\">\n\t\t\t\tVideos\t\t\t<\/span>\n\t\t<\/h3>\n\t\t\t\t<div class=\"loop-wrap\">\n\t\t\t\t\t\t\t\t<div class=\"grid-item post-2471 post type-post status-publish format-video has-post-thumbnail hentry category-institucional tag-espelhos-retrovisores tag-retrovisores tag-video post_format-post-format-video\">\n\t\t\t\t\t\t<div class=\"entry-media\">\n\t\t\t\t\t\t\t<a href=\"https:\/\/www.metagal.com.br\/blog\/vida-do-motorista-sem-retrovisores\/\" class=\"wrap-link\" width=\"665\" height=\"428\" ><img loading=\"lazy\" decoding=\"async\" width=\"665\" height=\"428\"  src=\"https:\/\/www.metagal.com.br\/blog\/wp-content\/uploads\/magazette\/blank-665x428.png\" data-src=\"https:\/\/www.metagal.com.br\/blog\/wp-content\/uploads\/2017\/11\/BPS_SIT_METAGAL_19-12-18-665x428.png\" alt=\"Como seria a vida do motorista sem retrovisores?\" class=\"lazy-hidden\"><\/a>\t\t\t\t\t\t<\/div>\n\t\t\t\t\t\t<div class=\"entry-content\">\n\t\t\t\t\t\t\t<div class=\"entry-meta\">\n\t\t\t\t\t\t\t\t<span class=\"meta-category\"><a href=\"https:\/\/www.metagal.com.br\/blog\/categoria\/institucional\/\">Institucional<\/a><\/span><span class=\"author vcard\">By <a href=\"https:\/\/www.metagal.com.br\/blog\/autor\/layerup\/\" rel=\"author\">Metagal<\/a><\/span><span class=\"entry-date\"><a href=\"https:\/\/www.metagal.com.br\/blog\/vida-do-motorista-sem-retrovisores\/\">12 de novembro de 2017<\/a><\/span>\t\t\t\t\t\t\t<\/div>\n\t\t\t\t\t\t\t<h4 class=\"entry-title\">\n\t\t\t\t\t\t\t\t<a href=\"https:\/\/www.metagal.com.br\/blog\/vida-do-motorista-sem-retrovisores\/\">\n\t\t\t\t\t\t\t\t\tComo seria a vida do motorista sem retrovisores?\t\t\t\t\t\t\t\t<\/a>\n\t\t\t\t\t\t\t<\/h4>\n\t\t\t\t\t\t<\/div>\n\t\t\t\t\t<\/div>\n\t\t\t\t\t\t\t\t\t\t<div class=\"grid-item post-3531 post type-post status-publish format-standard has-post-thumbnail hentry category-institucional category-parceiros tag-metagal tag-retrovisao tag-retrovisores trending\">\n\t\t\t\t\t\t<div class=\"entry-media\">\n\t\t\t\t\t\t\t<a href=\"https:\/\/www.metagal.com.br\/blog\/metagal-posicionamento-retrovisores\/\" class=\"wrap-link\" width=\"318\" height=\"199\" ><img loading=\"lazy\" decoding=\"async\" width=\"318\" height=\"199\"  src=\"https:\/\/www.metagal.com.br\/blog\/wp-content\/uploads\/magazette\/blank-318x199.png\" data-src=\"https:\/\/www.metagal.com.br\/blog\/wp-content\/uploads\/2017\/11\/BPS_SIT_METAGAL_22-11-18-318x199.png\" alt=\"O que levou a Metagal a adotar o posicionamento de retrovis\u00e3o e n\u00e3o retrovisores\" class=\"lazy-hidden\"><\/a>\t\t\t\t\t\t<\/div>\n\t\t\t\t\t\t<div class=\"entry-content\">\n\t\t\t\t\t\t\t<div class=\"entry-meta\">\n\t\t\t\t\t\t\t\t<span class=\"meta-category\"><a href=\"https:\/\/www.metagal.com.br\/blog\/categoria\/institucional\/\">Institucional<\/a><\/span><span class=\"author vcard\">By <a href=\"https:\/\/www.metagal.com.br\/blog\/autor\/layerup\/\" rel=\"author\">Metagal<\/a><\/span><span class=\"entry-date\"><a href=\"https:\/\/www.metagal.com.br\/blog\/metagal-posicionamento-retrovisores\/\">14 de novembro de 2017<\/a><\/span>\t\t\t\t\t\t\t<\/div>\n\t\t\t\t\t\t\t<h4 class=\"entry-title\">\n\t\t\t\t\t\t\t\t<a href=\"https:\/\/www.metagal.com.br\/blog\/metagal-posicionamento-retrovisores\/\">\n\t\t\t\t\t\t\t\t\tO que levou a Metagal a adotar o posicionamento de retrovis\u00e3o e n\u00e3o retrovisores\t\t\t\t\t\t\t\t<\/a>\n\t\t\t\t\t\t\t<\/h4>\n\t\t\t\t\t\t<\/div>\n\t\t\t\t\t<\/div>\n\t\t\t\t\t\t\t\t\t\t<div class=\"grid-item post-3534 post type-post status-publish format-standard has-post-thumbnail hentry category-mercado category-tecnologia tag-customer-experience tag-industria-automotiva tag-transformacao-digital trending\">\n\t\t\t\t\t\t<div class=\"entry-media\">\n\t\t\t\t\t\t\t<a href=\"https:\/\/www.metagal.com.br\/blog\/transformacao-digital-industria-automotiva\/\" class=\"wrap-link\" width=\"318\" height=\"199\" ><img loading=\"lazy\" decoding=\"async\" width=\"318\" height=\"199\"  src=\"https:\/\/www.metagal.com.br\/blog\/wp-content\/uploads\/magazette\/blank-318x199.png\" data-src=\"https:\/\/www.metagal.com.br\/blog\/wp-content\/uploads\/2017\/11\/BPS_SIT_METAGAL_06-11-18-318x199.png\" alt=\"Como a transforma\u00e7\u00e3o digital impacta o setor automotivo\" class=\"lazy-hidden\"><\/a>\t\t\t\t\t\t<\/div>\n\t\t\t\t\t\t<div class=\"entry-content\">\n\t\t\t\t\t\t\t<div class=\"entry-meta\">\n\t\t\t\t\t\t\t\t<span class=\"meta-category\"><a href=\"https:\/\/www.metagal.com.br\/blog\/categoria\/mercado\/\">Mercado<\/a><\/span><span class=\"author vcard\">By <a href=\"https:\/\/www.metagal.com.br\/blog\/autor\/layerup\/\" rel=\"author\">Metagal<\/a><\/span><span class=\"entry-date\"><a href=\"https:\/\/www.metagal.com.br\/blog\/transformacao-digital-industria-automotiva\/\">15 de novembro de 2017<\/a><\/span>\t\t\t\t\t\t\t<\/div>\n\t\t\t\t\t\t\t<h4 class=\"entry-title\">\n\t\t\t\t\t\t\t\t<a href=\"https:\/\/www.metagal.com.br\/blog\/transformacao-digital-industria-automotiva\/\">\n\t\t\t\t\t\t\t\t\tComo a transforma\u00e7\u00e3o digital impacta o setor automotivo\t\t\t\t\t\t\t\t<\/a>\n\t\t\t\t\t\t\t<\/h4>\n\t\t\t\t\t\t<\/div>\n\t\t\t\t\t<\/div>\n\t\t\t\t\t\t\t\t\t\t<div class=\"grid-item post-4116 post type-post status-publish format-standard has-post-thumbnail hentry category-institucional category-tecnologia tag-cameras-de-monitoramento tag-espelhos-retrovisores tag-metagal tag-monitoramento-de-ponto-cego tag-retrovisor-lcd tag-vision-360\">\n\t\t\t\t\t\t<div class=\"entry-media\">\n\t\t\t\t\t\t\t<a href=\"https:\/\/www.metagal.com.br\/blog\/retrovisores-novas-tecnologias-retrovisao-garantem-maior-seguranca\/\" class=\"wrap-link\" width=\"318\" height=\"199\" ><img loading=\"lazy\" decoding=\"async\" width=\"318\" height=\"199\"  src=\"https:\/\/www.metagal.com.br\/blog\/wp-content\/uploads\/magazette\/blank-318x199.png\" data-src=\"https:\/\/www.metagal.com.br\/blog\/wp-content\/uploads\/2018\/11\/BPS_SIT_METAGAL_24-10-18-318x199.png\" alt=\"Novas tecnologias em retrovisores que garantem maior seguran\u00e7a\" class=\"lazy-hidden\"><\/a>\t\t\t\t\t\t<\/div>\n\t\t\t\t\t\t<div class=\"entry-content\">\n\t\t\t\t\t\t\t<div class=\"entry-meta\">\n\t\t\t\t\t\t\t\t<span class=\"meta-category\"><a href=\"https:\/\/www.metagal.com.br\/blog\/categoria\/institucional\/\">Institucional<\/a><\/span><span class=\"author vcard\">By <a href=\"https:\/\/www.metagal.com.br\/blog\/autor\/layerup\/\" rel=\"author\">Metagal<\/a><\/span><span class=\"entry-date\"><a href=\"https:\/\/www.metagal.com.br\/blog\/retrovisores-novas-tecnologias-retrovisao-garantem-maior-seguranca\/\">16 de novembro de 2018<\/a><\/span>\t\t\t\t\t\t\t<\/div>\n\t\t\t\t\t\t\t<h4 class=\"entry-title\">\n\t\t\t\t\t\t\t\t<a href=\"https:\/\/www.metagal.com.br\/blog\/retrovisores-novas-tecnologias-retrovisao-garantem-maior-seguranca\/\">\n\t\t\t\t\t\t\t\t\tNovas tecnologias em retrovisores que garantem maior seguran\u00e7a\t\t\t\t\t\t\t\t<\/a>\n\t\t\t\t\t\t\t<\/h4>\n\t\t\t\t\t\t<\/div>\n\t\t\t\t\t<\/div>\n\t\t\t\t\t\t\t\t\t\t<div class=\"grid-item post-4161 post type-post status-publish format-standard has-post-thumbnail hentry category-tecnologia tag-acessorios-automotivos tag-farois tag-metagal tag-retrovisor-lcd\">\n\t\t\t\t\t\t<div class=\"entry-media\">\n\t\t\t\t\t\t\t<a href=\"https:\/\/www.metagal.com.br\/blog\/ciclo-de-vida-dos-acessorios-automotivos\/\" class=\"wrap-link\" width=\"318\" height=\"199\" ><img loading=\"lazy\" decoding=\"async\" width=\"318\" height=\"199\"  src=\"https:\/\/www.metagal.com.br\/blog\/wp-content\/uploads\/magazette\/blank-318x199.png\" data-src=\"https:\/\/www.metagal.com.br\/blog\/wp-content\/uploads\/2018\/12\/BPS_SIT_METAGAL_31-10-18-318x199.png\" alt=\"Acess\u00f3rios automotivos: saiba qual a dura\u00e7\u00e3o dos seus ciclos de vida\" class=\"lazy-hidden\"><\/a>\t\t\t\t\t\t<\/div>\n\t\t\t\t\t\t<div class=\"entry-content\">\n\t\t\t\t\t\t\t<div class=\"entry-meta\">\n\t\t\t\t\t\t\t\t<span class=\"meta-category\"><a href=\"https:\/\/www.metagal.com.br\/blog\/categoria\/tecnologia\/\">Tecnologia<\/a><\/span><span class=\"author vcard\">By <a href=\"https:\/\/www.metagal.com.br\/blog\/autor\/layerup\/\" rel=\"author\">Metagal<\/a><\/span><span class=\"entry-date\"><a href=\"https:\/\/www.metagal.com.br\/blog\/ciclo-de-vida-dos-acessorios-automotivos\/\">4 de dezembro de 2018<\/a><\/span>\t\t\t\t\t\t\t<\/div>\n\t\t\t\t\t\t\t<h4 class=\"entry-title\">\n\t\t\t\t\t\t\t\t<a href=\"https:\/\/www.metagal.com.br\/blog\/ciclo-de-vida-dos-acessorios-automotivos\/\">\n\t\t\t\t\t\t\t\t\tAcess\u00f3rios automotivos: saiba qual a dura\u00e7\u00e3o dos seus ciclos de vida\t\t\t\t\t\t\t\t<\/a>\n\t\t\t\t\t\t\t<\/h4>\n\t\t\t\t\t\t<\/div>\n\t\t\t\t\t<\/div>\n\t\t\t\t\t\t\t<\/div>\n\t<\/div>[\/vc_column][\/vc_row][vc_row el_id=&#8221;sidebar-mais-acessados&#8221;][vc_column width=&#8221;3\/4&#8243;][vc_empty_space height=&#8221;19px&#8221;]<div class=\"thim-sc-qc \">\n\t\t<div class=\"inner-qc\">\n\t\t<div class=\"a-single a-2\"><a class=\"gofollow\" data-track=\"MiwwLDYw\" href=\"https:\/\/themeforest.net\/item\/magazine-wordpress-theme-mag-wp\/19305239?ref=thimpress&utm_source=demo&utm_medium=adsbanner\"><img decoding=\"async\" alt=\"\" src=\"http:\/\/creativemag.thimpress.com\/demo-autocar\/wp-content\/uploads\/sites\/7\/2017\/11\/autocar2.jpg\" \/><\/a><\/div>\t<\/div>\n<\/div>[vc_empty_space height=&#8221;54px&#8221;]<div class=\"thim-sc-block10 layout-1 posts-antigos123\"\n     data-max-page=\"29\"\n\t data-infinity=\"no\"\n\t data-params='{\"layout\":\"layout-1\",\"title\":\"Posts Antigos\",\"thumbnail_size\":\"434x259\",\"per_view\":\"6\",\"loadmore\":\"no\",\"pagination\":\"yes\",\"infinity\":\"no\",\"excerpt_length\":\"30\",\"display_category\":\"yes\",\"display_date\":\"yes\",\"el_class\":\"posts-antigos123\",\"sc-name\":\"block-10\",\"current_page\":1}' id=\"thim_69f5b549d4dcb\"\n\n\n>\n\t\t<h3 class=\"sc-title\">\n\t\t\t\t<span class=\"title\">\n\t\t\t\t\t\tPosts Antigos\t\t\t\t\t\t<span class=\"line\"><\/span>\n\t\t<\/span>\n\n\t\t\n\t<\/h3>\n\n\t\t\t<div class=\"loop-wrapper\">\n\t\t\t\t\n\t\t<div class=\"item\">\n\t\t\t<div class=\"item-inner\">\n\t\t\t\t<div class=\"thumbnail\">\n\t\t\t\t\t<a href=\"https:\/\/www.metagal.com.br\/blog\/lei-do-retrovisor\/\" class=\"wrap-link\" width=\"434\" height=\"259\" ><img loading=\"lazy\" decoding=\"async\" width=\"434\" height=\"259\"  src=\"https:\/\/www.metagal.com.br\/blog\/wp-content\/uploads\/magazette\/blank-434x259.png\" data-src=\"https:\/\/www.metagal.com.br\/blog\/wp-content\/uploads\/2026\/03\/MG_blogpost1_Mar_2026_V1-01-434x259.png\" alt=\"Lei do retrovisor: falta de cumprimento \u00e9 considerada infra\u00e7\u00e3o grave\" class=\"lazy-hidden\"><\/a>\t\t\t\t<\/div>\n\t\t\t\t<div class=\"content\">\n\t\t\t\t\t\t\t\t\t\t\t<div class=\"list-meta\">\n\t\t\t\t\t\t\t\t\t\t\t\t\t\t\t<span class=\"meta-category\"><a href=\"https:\/\/www.metagal.com.br\/blog\/categoria\/mercado\/\">Mercado<\/a><\/span>\t\t\t\t\t\t\t\t\t\t\t\t\t\t\t\t\t\t\t\t\t\t<div class=\"meta after-excerpt\">\n\t\t\t\t\t\t\t\t\t<span class=\"date\"><span class=\"entry-date\"><a href=\"https:\/\/www.metagal.com.br\/blog\/lei-do-retrovisor\/\">16 de mar\u00e7o de 2026<\/a><\/span><\/span>\n\t\t\t\t\t\t\t\t<\/div>\n\t\t\t\t\t\t\t\t\t\t\t\t\t<\/div>\n\t\t\t\t\t\n\t\t\t\t\t<h5 class=\"title\">\n\t<a href=\"https:\/\/www.metagal.com.br\/blog\/lei-do-retrovisor\/\">\n\t\tLei do retrovisor: falta de cumprimento \u00e9 considerada infra\u00e7\u00e3o grave\t<\/a>\n<\/h5>\n\t\t\t\t\t\t\t\t\t\t\t<div class=\"excerpt\">\n\t\t\t\t\t\t\t\t\t\t\t\t\t<\/div>\n\t\t\t\t\t\n\t\t\t\t<\/div>\n\t\t\t<\/div>\n\t\t<\/div>\n\t\n\t\t<div class=\"item\">\n\t\t\t<div class=\"item-inner\">\n\t\t\t\t<div class=\"thumbnail\">\n\t\t\t\t\t<a href=\"https:\/\/www.metagal.com.br\/blog\/carros-inteligentes\/\" class=\"wrap-link\" width=\"434\" height=\"259\" ><img loading=\"lazy\" decoding=\"async\" width=\"434\" height=\"259\"  src=\"https:\/\/www.metagal.com.br\/blog\/wp-content\/uploads\/magazette\/blank-434x259.png\" data-src=\"https:\/\/www.metagal.com.br\/blog\/wp-content\/uploads\/2026\/02\/MG_blogpost1_Parte-1_Fev_2026_V1-01-434x259.png\" alt=\"Carros inteligentes: o que s\u00e3o, como funcionam e por que est\u00e3o moldando o futuro do setor automobil\u00edstico?\" class=\"lazy-hidden\"><\/a>\t\t\t\t<\/div>\n\t\t\t\t<div class=\"content\">\n\t\t\t\t\t\t\t\t\t\t\t<div class=\"list-meta\">\n\t\t\t\t\t\t\t\t\t\t\t\t\t\t\t<span class=\"meta-category\"><a href=\"https:\/\/www.metagal.com.br\/blog\/categoria\/mercado\/\">Mercado<\/a><\/span>\t\t\t\t\t\t\t\t\t\t\t\t\t\t\t\t\t\t\t\t\t\t<div class=\"meta after-excerpt\">\n\t\t\t\t\t\t\t\t\t<span class=\"date\"><span class=\"entry-date\"><a href=\"https:\/\/www.metagal.com.br\/blog\/carros-inteligentes\/\">6 de fevereiro de 2026<\/a><\/span><\/span>\n\t\t\t\t\t\t\t\t<\/div>\n\t\t\t\t\t\t\t\t\t\t\t\t\t<\/div>\n\t\t\t\t\t\n\t\t\t\t\t<h5 class=\"title\">\n\t<a href=\"https:\/\/www.metagal.com.br\/blog\/carros-inteligentes\/\">\n\t\tCarros inteligentes: o que s\u00e3o, como funcionam e por que est\u00e3o moldando o futuro do setor automobil\u00edstico?\t<\/a>\n<\/h5>\n\t\t\t\t\t\t\t\t\t\t\t<div class=\"excerpt\">\n\t\t\t\t\t\t\t\t\t\t\t\t\t<\/div>\n\t\t\t\t\t\n\t\t\t\t<\/div>\n\t\t\t<\/div>\n\t\t<\/div>\n\t\n\t\t<div class=\"item\">\n\t\t\t<div class=\"item-inner\">\n\t\t\t\t<div class=\"thumbnail\">\n\t\t\t\t\t<a href=\"https:\/\/www.metagal.com.br\/blog\/seguranca-transito-como-evitar-ofuscamento-visao\/\" class=\"wrap-link\" width=\"434\" height=\"259\" ><img loading=\"lazy\" decoding=\"async\" width=\"434\" height=\"259\"  src=\"https:\/\/www.metagal.com.br\/blog\/wp-content\/uploads\/magazette\/blank-434x259.png\" data-src=\"https:\/\/www.metagal.com.br\/blog\/wp-content\/uploads\/2026\/01\/image1-434x259.png\" alt=\"Seguran\u00e7a no tr\u00e2nsito: como evitar o ofuscamento da vis\u00e3o e dirigir com mais conforto no ver\u00e3o?\" class=\"lazy-hidden\"><\/a>\t\t\t\t<\/div>\n\t\t\t\t<div class=\"content\">\n\t\t\t\t\t\t\t\t\t\t\t<div class=\"list-meta\">\n\t\t\t\t\t\t\t\t\t\t\t\t\t\t\t<span class=\"meta-category\"><a href=\"https:\/\/www.metagal.com.br\/blog\/categoria\/tecnologia\/\">Tecnologia<\/a><\/span>\t\t\t\t\t\t\t\t\t\t\t\t\t\t\t\t\t\t\t\t\t\t<div class=\"meta after-excerpt\">\n\t\t\t\t\t\t\t\t\t<span class=\"date\"><span class=\"entry-date\"><a href=\"https:\/\/www.metagal.com.br\/blog\/seguranca-transito-como-evitar-ofuscamento-visao\/\">26 de janeiro de 2026<\/a><\/span><\/span>\n\t\t\t\t\t\t\t\t<\/div>\n\t\t\t\t\t\t\t\t\t\t\t\t\t<\/div>\n\t\t\t\t\t\n\t\t\t\t\t<h5 class=\"title\">\n\t<a href=\"https:\/\/www.metagal.com.br\/blog\/seguranca-transito-como-evitar-ofuscamento-visao\/\">\n\t\tSeguran\u00e7a no tr\u00e2nsito: como evitar o ofuscamento da vis\u00e3o e dirigir com mais conforto no ver\u00e3o?\t<\/a>\n<\/h5>\n\t\t\t\t\t\t\t\t\t\t\t<div class=\"excerpt\">\n\t\t\t\t\t\t\t\t\t\t\t\t\t<\/div>\n\t\t\t\t\t\n\t\t\t\t<\/div>\n\t\t\t<\/div>\n\t\t<\/div>\n\t\n\t\t<div class=\"item\">\n\t\t\t<div class=\"item-inner\">\n\t\t\t\t<div class=\"thumbnail\">\n\t\t\t\t\t<a href=\"https:\/\/www.metagal.com.br\/blog\/neblina-e-baixa-visibilidade\/\" class=\"wrap-link\" width=\"434\" height=\"259\" ><img loading=\"lazy\" decoding=\"async\" width=\"434\" height=\"259\"  src=\"https:\/\/www.metagal.com.br\/blog\/wp-content\/uploads\/magazette\/blank-434x259.png\" data-src=\"https:\/\/www.metagal.com.br\/blog\/wp-content\/uploads\/2025\/10\/MG_Blogpost-1_Nov_2025_V1-01-434x259.png\" alt=\"Neblina e baixa visibilidade: o que todo motorista precisa saber para ter seguran\u00e7a na estrada\" class=\"lazy-hidden\"><\/a>\t\t\t\t<\/div>\n\t\t\t\t<div class=\"content\">\n\t\t\t\t\t\t\t\t\t\t\t<div class=\"list-meta\">\n\t\t\t\t\t\t\t\t\t\t\t\t\t\t\t<span class=\"meta-category\"><a href=\"https:\/\/www.metagal.com.br\/blog\/categoria\/sem-categoria\/\">Sem categoria<\/a><\/span>\t\t\t\t\t\t\t\t\t\t\t\t\t\t\t\t\t\t\t\t\t\t<div class=\"meta after-excerpt\">\n\t\t\t\t\t\t\t\t\t<span class=\"date\"><span class=\"entry-date\"><a href=\"https:\/\/www.metagal.com.br\/blog\/neblina-e-baixa-visibilidade\/\">14 de novembro de 2025<\/a><\/span><\/span>\n\t\t\t\t\t\t\t\t<\/div>\n\t\t\t\t\t\t\t\t\t\t\t\t\t<\/div>\n\t\t\t\t\t\n\t\t\t\t\t<h5 class=\"title\">\n\t<a href=\"https:\/\/www.metagal.com.br\/blog\/neblina-e-baixa-visibilidade\/\">\n\t\tNeblina e baixa visibilidade: o que todo motorista precisa saber para ter seguran\u00e7a na estrada\t<\/a>\n<\/h5>\n\t\t\t\t\t\t\t\t\t\t\t<div class=\"excerpt\">\n\t\t\t\t\t\t\t\t\t\t\t\t\t<\/div>\n\t\t\t\t\t\n\t\t\t\t<\/div>\n\t\t\t<\/div>\n\t\t<\/div>\n\t\n\t\t<div class=\"item\">\n\t\t\t<div class=\"item-inner\">\n\t\t\t\t<div class=\"thumbnail\">\n\t\t\t\t\t<a href=\"https:\/\/www.metagal.com.br\/blog\/carros-importados-mercado-automotivo-anos-90\/\" class=\"wrap-link\" width=\"434\" height=\"259\" ><img loading=\"lazy\" decoding=\"async\" width=\"434\" height=\"259\"  src=\"https:\/\/www.metagal.com.br\/blog\/wp-content\/uploads\/magazette\/blank-434x259.png\" data-src=\"https:\/\/www.metagal.com.br\/blog\/wp-content\/uploads\/2025\/09\/Como-a-chegada-dos-carros-importados-mudou-o-mercado-automotivo-nos-anos-90-434x259.png\" alt=\"Como a chegada dos carros importados mudou o mercado automotivo brasileiro nos anos 90\" class=\"lazy-hidden\"><\/a>\t\t\t\t<\/div>\n\t\t\t\t<div class=\"content\">\n\t\t\t\t\t\t\t\t\t\t\t<div class=\"list-meta\">\n\t\t\t\t\t\t\t\t\t\t\t\t\t\t\t<span class=\"meta-category\"><a href=\"https:\/\/www.metagal.com.br\/blog\/categoria\/mercado\/\">Mercado<\/a><\/span>\t\t\t\t\t\t\t\t\t\t\t\t\t\t\t\t\t\t\t\t\t\t<div class=\"meta after-excerpt\">\n\t\t\t\t\t\t\t\t\t<span class=\"date\"><span class=\"entry-date\"><a href=\"https:\/\/www.metagal.com.br\/blog\/carros-importados-mercado-automotivo-anos-90\/\">5 de outubro de 2025<\/a><\/span><\/span>\n\t\t\t\t\t\t\t\t<\/div>\n\t\t\t\t\t\t\t\t\t\t\t\t\t<\/div>\n\t\t\t\t\t\n\t\t\t\t\t<h5 class=\"title\">\n\t<a href=\"https:\/\/www.metagal.com.br\/blog\/carros-importados-mercado-automotivo-anos-90\/\">\n\t\tComo a chegada dos carros importados mudou o mercado automotivo brasileiro nos anos 90\t<\/a>\n<\/h5>\n\t\t\t\t\t\t\t\t\t\t\t<div class=\"excerpt\">\n\t\t\t\t\t\t\t\t\t\t\t\t\t<\/div>\n\t\t\t\t\t\n\t\t\t\t<\/div>\n\t\t\t<\/div>\n\t\t<\/div>\n\t\n\t\t<div class=\"item\">\n\t\t\t<div class=\"item-inner\">\n\t\t\t\t<div class=\"thumbnail\">\n\t\t\t\t\t<a href=\"https:\/\/www.metagal.com.br\/blog\/nova-cnh-mais-barata\/\" class=\"wrap-link\" width=\"434\" height=\"259\" ><img loading=\"lazy\" decoding=\"async\" width=\"434\" height=\"259\"  src=\"https:\/\/www.metagal.com.br\/blog\/wp-content\/uploads\/magazette\/blank-434x259.png\" data-src=\"https:\/\/www.metagal.com.br\/blog\/wp-content\/uploads\/2025\/09\/Nova-CNH-mais-barata-Metagal-434x259.png\" alt=\"Nova CNH mais barata? O que muda com o projeto que prop\u00f5e o fim da obrigatoriedade das autoescolas\" class=\"lazy-hidden\"><\/a>\t\t\t\t<\/div>\n\t\t\t\t<div class=\"content\">\n\t\t\t\t\t\t\t\t\t\t\t<div class=\"list-meta\">\n\t\t\t\t\t\t\t\t\t\t\t\t\t\t\t<span class=\"meta-category\"><a href=\"https:\/\/www.metagal.com.br\/blog\/categoria\/mercado\/\">Mercado<\/a><\/span>\t\t\t\t\t\t\t\t\t\t\t\t\t\t\t\t\t\t\t\t\t\t<div class=\"meta after-excerpt\">\n\t\t\t\t\t\t\t\t\t<span class=\"date\"><span class=\"entry-date\"><a href=\"https:\/\/www.metagal.com.br\/blog\/nova-cnh-mais-barata\/\">17 de setembro de 2025<\/a><\/span><\/span>\n\t\t\t\t\t\t\t\t<\/div>\n\t\t\t\t\t\t\t\t\t\t\t\t\t<\/div>\n\t\t\t\t\t\n\t\t\t\t\t<h5 class=\"title\">\n\t<a href=\"https:\/\/www.metagal.com.br\/blog\/nova-cnh-mais-barata\/\">\n\t\tNova CNH mais barata? O que muda com o projeto que prop\u00f5e o fim da obrigatoriedade das autoescolas\t<\/a>\n<\/h5>\n\t\t\t\t\t\t\t\t\t\t\t<div class=\"excerpt\">\n\t\t\t\t\t\t\t\t\t\t\t\t\t<\/div>\n\t\t\t\t\t\n\t\t\t\t<\/div>\n\t\t\t<\/div>\n\t\t<\/div>\n\t\t<div class=\"pagination-post\">\n\t\t<ul class=\"loop-pagination\">\n\t\t\t<li><span aria-current=\"page\" class=\"page-numbers current\">1<\/span><\/li><li><a class=\"page-numbers\" href=\"http:\/\/2\">2<\/a><\/li><li><a class=\"page-numbers\" href=\"http:\/\/3\">3<\/a><\/li><li><span class=\"page-numbers dots\">&hellip;<\/span><\/li><li><a class=\"page-numbers\" href=\"http:\/\/29\">29<\/a><\/li><li><a class=\"next page-numbers\" href=\"http:\/\/2\"><i class=\"fa fa-caret-right\"><\/i><\/a><\/li>\t\t<\/ul><!-- .pagination -->\n\t\t<span class=\"pages\">Page 1 of 29<\/span>\n\t<\/div><!-- .pagination-post -->\n\t\t\t<\/div>\n\t\n\t\n<\/div>[\/vc_column][vc_column width=&#8221;1\/4&#8243; el_class=&#8221;sticky-sidebar like-sidebar&#8221; el_id=&#8221;sidebar-mais-acessados-right&#8221;][vc_empty_space height=&#8221;1px&#8221;]<div class=\"thim-sc-block5 style-1 mostAccessed column-number-1  \"\n\t data-max-page=\"25\"\n\t data-params='{\"title\":\"Mais acessados\",\"style\":\"style-1\",\"column\":\"1\",\"layout\":\"item-layout-1\",\"display_number\":\"no\",\"display_category\":\"yes\",\"display_date\":\"yes\",\"image_size\":\"80x80\",\"highlight_image_size\":\"318x480\",\"highlight\":\"3\",\"highlight_layout\":\"hl-layout-1\",\"highlight_display_category\":\"yes\",\"highlight_display_date\":\"yes\",\"highlight_excerpt_length\":\"0\",\"data\":\"size:7|order_by:modified|order:ASC\",\"trending\":\"no\",\"filter\":\"no\",\"readmore_text\":\"\",\"readmore_link\":\"\",\"el_class\":\"mostAccessed\",\"sc-name\":\"block-5\",\"loop_settings\":{\"size\":\"7\",\"order_by\":\"modified\",\"order\":\"ASC\"}}' id=\"thim_69f5b549e35e7\">\n\t\t<h3 class=\"sc-title\">\n\t\t\t\t<span class=\"title\">\n\t\t\t\t\t\tMais acessados\t\t\t\t\t\t<span class=\"line\"><\/span>\n\t\t<\/span>\n\n\t\t\n\t<\/h3>\n\t\t\t\t<div class=\"loop-wrapper hl-layout-1\">\n\t\t\t<div class=\"sc-loop row\">\n<div class=\"inner-col col-sm-12\"><div class=\"row-big owl-carousel owl-theme\">\t\t<div class=\"post-item-layout-1 post-4179 post type-post status-publish format-standard has-post-thumbnail hentry category-mercado category-tecnologia tag-carros-autonomos tag-carros-eletricos tag-mercado-automotivo tag-previsoes-do-mercado-automotivo\" >\n\t\t\t\t\t\t\t<div class=\"entry-media\">\n\t\t\t\t\t<a href=\"https:\/\/www.metagal.com.br\/blog\/mercado-automotivo-previsoes-realidade\/\" class=\"wrap-link\" width=\"318\" height=\"480\" ><img loading=\"lazy\" decoding=\"async\" width=\"318\" height=\"480\"  src=\"https:\/\/www.metagal.com.br\/blog\/wp-content\/uploads\/magazette\/blank-318x480.png\" data-src=\"https:\/\/www.metagal.com.br\/blog\/wp-content\/uploads\/2018\/12\/BPS_SIT_METAGAL_13-11-18-318x480.png\" alt=\"Mercado automotivo: previs\u00f5es que j\u00e1 est\u00e3o se tornando realidade\" class=\"lazy-hidden\"><\/a>\t\t\t\t\t\t\t\t\t<\/div>\n\t\t\t\t\t\t<div class=\"entry-content hl-layout-1\">\n\t\t\t\t<div class=\"entry-meta\">\n\t\t\t\t\t<span class=\"meta-category\"><a href=\"https:\/\/www.metagal.com.br\/blog\/categoria\/mercado\/\">Mercado<\/a><\/span><span class=\"entry-date\"><a href=\"https:\/\/www.metagal.com.br\/blog\/mercado-automotivo-previsoes-realidade\/\">12 de dezembro de 2018<\/a><\/span>\t\t\t\t<\/div>\n\t\t\t\t<h4 class=\"entry-title\">\n\t\t\t\t\t<a href=\"https:\/\/www.metagal.com.br\/blog\/mercado-automotivo-previsoes-realidade\/\">\n\t\t\t\t\t\tMercado automotivo: previs\u00f5es que j\u00e1 est\u00e3o se tornando realidade\t\t\t\t\t<\/a>\n\t\t\t\t<\/h4>\n\t\t\t\t\n\t\t\t\t\t\t\t<\/div>\n\t\t<\/div>\n\t\t\t\t<div class=\"post-item-layout-1 post-4177 post type-post status-publish format-standard has-post-thumbnail hentry category-mercado category-tecnologia tag-internet-das-coisas tag-iot tag-mercado-automotivo\" >\n\t\t\t\t\t\t\t<div class=\"entry-media\">\n\t\t\t\t\t<a href=\"https:\/\/www.metagal.com.br\/blog\/futuro-mercado-automotivo\/\" class=\"wrap-link\" width=\"318\" height=\"480\" ><img loading=\"lazy\" decoding=\"async\" width=\"318\" height=\"480\"  src=\"https:\/\/www.metagal.com.br\/blog\/wp-content\/uploads\/magazette\/blank-318x480.png\" data-src=\"https:\/\/www.metagal.com.br\/blog\/wp-content\/uploads\/2017\/11\/BPS_SIT_METAGAL_27-11-18-318x480.jpg\" alt=\"Internet das coisas: o futuro do mercado automotivo\" class=\"lazy-hidden\"><\/a>\t\t\t\t\t\t\t\t\t<\/div>\n\t\t\t\t\t\t<div class=\"entry-content hl-layout-1\">\n\t\t\t\t<div class=\"entry-meta\">\n\t\t\t\t\t<span class=\"meta-category\"><a href=\"https:\/\/www.metagal.com.br\/blog\/categoria\/mercado\/\">Mercado<\/a><\/span><span class=\"entry-date\"><a href=\"https:\/\/www.metagal.com.br\/blog\/futuro-mercado-automotivo\/\">11 de dezembro de 2018<\/a><\/span>\t\t\t\t<\/div>\n\t\t\t\t<h4 class=\"entry-title\">\n\t\t\t\t\t<a href=\"https:\/\/www.metagal.com.br\/blog\/futuro-mercado-automotivo\/\">\n\t\t\t\t\t\tInternet das coisas: o futuro do mercado automotivo\t\t\t\t\t<\/a>\n\t\t\t\t<\/h4>\n\t\t\t\t\n\t\t\t\t\t\t\t<\/div>\n\t\t<\/div>\n\t\t\t\t<div class=\"post-item-layout-1 post-3531 post type-post status-publish format-standard has-post-thumbnail hentry category-institucional category-parceiros tag-metagal tag-retrovisao tag-retrovisores trending\" >\n\t\t\t\t\t\t\t<div class=\"entry-media\">\n\t\t\t\t\t<a href=\"https:\/\/www.metagal.com.br\/blog\/metagal-posicionamento-retrovisores\/\" class=\"wrap-link\" width=\"318\" height=\"480\" ><img loading=\"lazy\" decoding=\"async\" width=\"318\" height=\"480\"  src=\"https:\/\/www.metagal.com.br\/blog\/wp-content\/uploads\/magazette\/blank-318x480.png\" data-src=\"https:\/\/www.metagal.com.br\/blog\/wp-content\/uploads\/2017\/11\/BPS_SIT_METAGAL_22-11-18-318x480.png\" alt=\"O que levou a Metagal a adotar o posicionamento de retrovis\u00e3o e n\u00e3o retrovisores\" class=\"lazy-hidden\"><\/a>\t\t\t\t\t\t\t\t\t<\/div>\n\t\t\t\t\t\t<div class=\"entry-content hl-layout-1\">\n\t\t\t\t<div class=\"entry-meta\">\n\t\t\t\t\t<span class=\"meta-category\"><a href=\"https:\/\/www.metagal.com.br\/blog\/categoria\/institucional\/\">Institucional<\/a><\/span><span class=\"entry-date\"><a href=\"https:\/\/www.metagal.com.br\/blog\/metagal-posicionamento-retrovisores\/\">14 de novembro de 2017<\/a><\/span>\t\t\t\t<\/div>\n\t\t\t\t<h4 class=\"entry-title\">\n\t\t\t\t\t<a href=\"https:\/\/www.metagal.com.br\/blog\/metagal-posicionamento-retrovisores\/\">\n\t\t\t\t\t\tO que levou a Metagal a adotar o posicionamento de retrovis\u00e3o e n\u00e3o retrovisores\t\t\t\t\t<\/a>\n\t\t\t\t<\/h4>\n\t\t\t\t\n\t\t\t\t\t\t\t<\/div>\n\t\t<\/div>\n\t\t<\/div><div class=\"row-small\">\t\t<div class=\"post-item-layout-1 post-4184 post type-post status-publish format-standard has-post-thumbnail hentry category-mercado category-tecnologia tag-industria-automotiva tag-inovacao tag-mercado-automotivo tag-setor-automotivo tag-tecnologia\" >\n\t\t\t\t\t\t\t<div class=\"entry-media\">\n\t\t\t\t\t<a href=\"https:\/\/www.metagal.com.br\/blog\/caminhando-o-setor-automotivo\/\" class=\"wrap-link\" width=\"80\" height=\"80\" ><img loading=\"lazy\" decoding=\"async\" width=\"80\" height=\"80\"  src=\"https:\/\/www.metagal.com.br\/blog\/wp-content\/uploads\/magazette\/blank-80x80.png\" data-src=\"https:\/\/www.metagal.com.br\/blog\/wp-content\/uploads\/2018\/12\/BPS_SIT_METAGAL_12-12-18-80x80.png\" alt=\"Mercado e tecnologia: para onde est\u00e1 caminhando o setor automotivo?\" class=\"lazy-hidden\"><\/a>\t\t\t\t\t\t\t\t\t<\/div>\n\t\t\t\t\t\t<div class=\"entry-content item-layout-1\">\n\t\t\t\t<div class=\"entry-meta\">\n\t\t\t\t\t<span class=\"meta-category\"><a href=\"https:\/\/www.metagal.com.br\/blog\/categoria\/mercado\/\">Mercado<\/a><\/span><span class=\"entry-date\"><a href=\"https:\/\/www.metagal.com.br\/blog\/caminhando-o-setor-automotivo\/\">18 de dezembro de 2018<\/a><\/span>\t\t\t\t<\/div>\n\t\t\t\t<h4 class=\"entry-title\">\n\t\t\t\t\t<a href=\"https:\/\/www.metagal.com.br\/blog\/caminhando-o-setor-automotivo\/\">\n\t\t\t\t\t\tMercado e tecnologia: para onde est\u00e1 caminhando o setor automotivo?\t\t\t\t\t<\/a>\n\t\t\t\t<\/h4>\n\t\t\t\t\n\t\t\t\t\t\t\t<\/div>\n\t\t<\/div>\n\t\t\t\t<div class=\"post-item-layout-1 post-4187 post type-post status-publish format-standard has-post-thumbnail hentry category-tecnologia tag-industria-automotiva tag-pecas-automotivas tag-tecnologia-e-inovacao\" >\n\t\t\t\t\t\t\t<div class=\"entry-media\">\n\t\t\t\t\t<a href=\"https:\/\/www.metagal.com.br\/blog\/pecas-automotivas-que-nao-serao-as-mesmas\/\" class=\"wrap-link\" width=\"80\" height=\"80\" ><img loading=\"lazy\" decoding=\"async\" width=\"80\" height=\"80\"  src=\"https:\/\/www.metagal.com.br\/blog\/wp-content\/uploads\/magazette\/blank-80x80.png\" data-src=\"https:\/\/www.metagal.com.br\/blog\/wp-content\/uploads\/2018\/12\/BPS_SIT_METAGAL_18-12-18-80x80.png\" alt=\"Tr\u00eas pe\u00e7as automotivas que n\u00e3o ser\u00e3o as mesmas daqui a 20 anos\" class=\"lazy-hidden\"><\/a>\t\t\t\t\t\t\t\t\t<\/div>\n\t\t\t\t\t\t<div class=\"entry-content item-layout-1\">\n\t\t\t\t<div class=\"entry-meta\">\n\t\t\t\t\t<span class=\"meta-category\"><a href=\"https:\/\/www.metagal.com.br\/blog\/categoria\/tecnologia\/\">Tecnologia<\/a><\/span><span class=\"entry-date\"><a href=\"https:\/\/www.metagal.com.br\/blog\/pecas-automotivas-que-nao-serao-as-mesmas\/\">18 de dezembro de 2018<\/a><\/span>\t\t\t\t<\/div>\n\t\t\t\t<h4 class=\"entry-title\">\n\t\t\t\t\t<a href=\"https:\/\/www.metagal.com.br\/blog\/pecas-automotivas-que-nao-serao-as-mesmas\/\">\n\t\t\t\t\t\tTr\u00eas pe\u00e7as automotivas que n\u00e3o ser\u00e3o as mesmas daqui a 20 anos\t\t\t\t\t<\/a>\n\t\t\t\t<\/h4>\n\t\t\t\t\n\t\t\t\t\t\t\t<\/div>\n\t\t<\/div>\n\t\t\t\t<div class=\"post-item-layout-1 post-4216 post type-post status-publish format-standard has-post-thumbnail hentry category-mercado tag-crise-na-industria tag-industria-automotiva tag-setor-automotivo\" >\n\t\t\t\t\t\t\t<div class=\"entry-media\">\n\t\t\t\t\t<a href=\"https:\/\/www.metagal.com.br\/blog\/desafios-da-industria-automotiva\/\" class=\"wrap-link\" width=\"80\" height=\"80\" ><img loading=\"lazy\" decoding=\"async\" width=\"80\" height=\"80\"  src=\"https:\/\/www.metagal.com.br\/blog\/wp-content\/uploads\/magazette\/blank-80x80.png\" data-src=\"https:\/\/www.metagal.com.br\/blog\/wp-content\/uploads\/2019\/01\/BPS_SIT_METAGAL_19-12-18-80x80.png\" alt=\"Os desafios da ind\u00fastria automotiva depois da crise\" class=\"lazy-hidden\"><\/a>\t\t\t\t\t\t\t\t\t<\/div>\n\t\t\t\t\t\t<div class=\"entry-content item-layout-1\">\n\t\t\t\t<div class=\"entry-meta\">\n\t\t\t\t\t<span class=\"meta-category\"><a href=\"https:\/\/www.metagal.com.br\/blog\/categoria\/mercado\/\">Mercado<\/a><\/span><span class=\"entry-date\"><a href=\"https:\/\/www.metagal.com.br\/blog\/desafios-da-industria-automotiva\/\">3 de janeiro de 2019<\/a><\/span>\t\t\t\t<\/div>\n\t\t\t\t<h4 class=\"entry-title\">\n\t\t\t\t\t<a href=\"https:\/\/www.metagal.com.br\/blog\/desafios-da-industria-automotiva\/\">\n\t\t\t\t\t\tOs desafios da ind\u00fastria automotiva depois da crise\t\t\t\t\t<\/a>\n\t\t\t\t<\/h4>\n\t\t\t\t\n\t\t\t\t\t\t\t<\/div>\n\t\t<\/div>\n\t\t\t\t<div class=\"post-item-layout-1 post-4220 post type-post status-publish format-standard has-post-thumbnail hentry category-tecnologia tag-carros-autonomos tag-dados-em-carros-autonomos tag-seguranca-dos-dados\" >\n\t\t\t\t\t\t\t<div class=\"entry-media\">\n\t\t\t\t\t<a href=\"https:\/\/www.metagal.com.br\/blog\/dados-em-carros-autonomos\/\" class=\"wrap-link\" width=\"80\" height=\"80\" ><img loading=\"lazy\" decoding=\"async\" width=\"80\" height=\"80\"  src=\"https:\/\/www.metagal.com.br\/blog\/wp-content\/uploads\/magazette\/blank-80x80.png\" data-src=\"https:\/\/www.metagal.com.br\/blog\/wp-content\/uploads\/2019\/01\/BPS_SIT_METAGAL_30-01-18-80x80.png\" alt=\"Novos hackers: a seguran\u00e7a dos dados em carros aut\u00f4nomos\" class=\"lazy-hidden\"><\/a>\t\t\t\t\t\t\t\t\t<\/div>\n\t\t\t\t\t\t<div class=\"entry-content item-layout-1\">\n\t\t\t\t<div class=\"entry-meta\">\n\t\t\t\t\t<span class=\"meta-category\"><a href=\"https:\/\/www.metagal.com.br\/blog\/categoria\/tecnologia\/\">Tecnologia<\/a><\/span><span class=\"entry-date\"><a href=\"https:\/\/www.metagal.com.br\/blog\/dados-em-carros-autonomos\/\">30 de janeiro de 2019<\/a><\/span>\t\t\t\t<\/div>\n\t\t\t\t<h4 class=\"entry-title\">\n\t\t\t\t\t<a href=\"https:\/\/www.metagal.com.br\/blog\/dados-em-carros-autonomos\/\">\n\t\t\t\t\t\tNovos hackers: a seguran\u00e7a dos dados em carros aut\u00f4nomos\t\t\t\t\t<\/a>\n\t\t\t\t<\/h4>\n\t\t\t\t\n\t\t\t\t\t\t\t<\/div>\n\t\t<\/div>\n\t\t<\/div> <!-- close small --><\/div> <!-- close inner-col --><\/div>\n\t\t<\/div>\n\t<\/div>[\/vc_column][\/vc_row][vc_row][vc_column][vc_raw_js]JTNDc2NyaXB0JTNFJTBBalF1ZXJ5JTI4JTIyLmlubmVyLWNvbC5jb2wtc20tNiUzQWZpcnN0LWNoaWxkJTIyJTI5LnPorZXBlbmQlMjglMjIlM0NkaXYlMjBjbGFzcyUzRCUyN2gzJTIwc2MtdGl0bGUlMjclM0UlM0NzcGFuJTIwY2xhc3MlM0QlMjd0aXRsZSUyNyUzRWF1dG8lMjBuZXdzJTNDJTJGc3BhbiUzRSUzQyUyRmRpdiUzRSUzQyUyRmRpdiUzRSUyMiUyOSUzQiUwQSUwQWpRdWVyeSUyOCUyMi5pbm5lci1jb2wuY29sLXNtLTYlM0FsYXN0LWNoaWxkJTIyJTI5LnPorZXBlbmQlMjglMjIlM0NkaXYlMjBjbGFzcyUzRCUyN2gzJTIwc2MtdGl0bGUlMjclM0UlM0NzcGFuJTIwY2xhc3MlM0QlMjd0aXRsZSUyNyUzRWJsb2clM0MlMkZzcGFuJTNFJTNDJTJGZGl2JTNFJTNDJTJGZGl2JTNFJTIyJTI5JTNCJTBBJTBBJTBBalF1ZXJ5JTI4JTIyLnBvc3RzLWFudGlnb3MxMjMlMjIlMjkucHJlcGVuZCUyOCUyMiUzQ2RpdiUyMGNsYXNzJTNEJTI3aDMlMjBzYy10aXRsZSUyNyUzRSUzQ3NwYW4lMjBjbGFzcyUzRCUyN3RpdGxlJTI3JTNFUG9zdHMlMjBBbnRpZ29zJTNDJTJGc3BhbiUzRSUzQyUyRmRpdiUzRSUzQyUyRmRpdiUzRSUyMiUyOSUzQiUwQSUwQWpRdWVyeSUyOCUyMiUyM3NpZGViYXItbWFpcy1hY2Vzc2Fkb3MtcmlnaHQlMjAucm93LXNtYWxsJTIyJTI5LnPorZXBlbmQlMjglMjclM0NoMyUyMGNsYXNzJTNEJTIyc2MtdGl0bGUlMjIlM0UlM0NzcGFuJTIwY2xhc3MlM0QlMjJ0aXRsZSUyMiUzRVJlbGFjaW9uYWRvcyUzQ3NwYW4lMjBjbGFzcyUzRCUyMmxpbmUlMjIlM0UlM0MlMkZzcGFuJTNFJTNDJTJGc3BhbiUzRSUzQyUyRmgzJTNFJTI3JTI5JTNCJTBBJTBBdmFyJTIwZnRyJTNEJTIwalF1ZXJ5JTI4JTI3LndwY2Y3LWZvcm0lMjclMjkucGFyZW50JTI4JTI5LnBhcmVudCUyOCUyOS5wYXJlbnQlMjglMjkucGFyZW50JTI4JTI5LnBhcmVudCUyOCUyOS5wYXJlbnQlMjglMjkucGFyZW50JTI4JTI5LnBhcmVudCUyOCUyOS5wYXJlbnQlMjglMjkucGFyZW50JTI4JTI5LnBhcmVudCUyOCUyOS5kZXRhY2glMjglMjklM0IlMEFjb25zb2xlLmxvZyUyOGZ0ciUyOSUzQiUwQWpRdWVyeSUyOCUyNyUyM21haW4tY29udGVudCUyNyUyOS5hcHBlbmQlMjhmdHIlMjklM0IlMEElMEElM0MlMkZzY3JpcHQlM0UlMjAlMEE=[\/vc_raw_js][\/vc_column][\/vc_row]<\/p>\n","protected":false},"excerpt":{"rendered":"<p>[vc_row full_width=&#8221;stretch_row_content_no_spaces&#8221; el_id=&#8221;slider-banner&#8221;][vc_column][vc_empty_space height=&#8221;60px&#8221;][\/vc_column][\/vc_row][vc_row el_class=&#8221;autocar-section02&#8243; el_id=&#8221;mercado&#8221;][vc_column width=&#8221;1\/6&#8243; el_class=&#8221;sticky-sidebar&#8221; offset=&#8221;vc_hidden-md vc_hidden-sm vc_hidden-xs&#8221;][vc_empty_space height=&#8221;54px&#8221;][\/vc_column][vc_column width=&#8221;7\/12&#8243;][vc_empty_space height=&#8221;60px&#8221;][\/vc_column][vc_column width=&#8221;3\/12&#8243; el_class=&#8221;sticky-sidebar like-sidebar&#8221;][\/vc_column][\/vc_row][vc_row full_width=&#8221;stretch_row&#8221; css=&#8221;.vc_custom_1539042338345{background-color: #282828&#8230;<\/p>\n","protected":false},"author":1,"featured_media":0,"parent":0,"menu_order":0,"comment_status":"closed","ping_status":"closed","template":"templates\/home-no-footer.php","meta":{"footnotes":""},"class_list":["post-2202","page","type-page","status-publish","hentry"],"yoast_head":"<!-- This site is optimized with the Yoast SEO plugin v25.9 - https:\/\/yoast.com\/wordpress\/plugins\/seo\/ -->\n<title>Home - Blog Metagal<\/title>\n<meta name=\"robots\" content=\"index, follow, max-snippet:-1, max-image-preview:large, max-video-preview:-1\" \/>\n<link rel=\"canonical\" href=\"https:\/\/www.metagal.com.br\/blog\/\" \/>\n<meta property=\"og:locale\" content=\"pt_BR\" \/>\n<meta property=\"og:type\" content=\"article\" \/>\n<meta property=\"og:title\" content=\"Home - Blog Metagal\" \/>\n<meta property=\"og:description\" content=\"[vc_row full_width=&#8221;stretch_row_content_no_spaces&#8221; el_id=&#8221;slider-banner&#8221;][vc_column][vc_empty_space height=&#8221;60px&#8221;][\/vc_column][\/vc_row][vc_row el_class=&#8221;autocar-section02&#8243; el_id=&#8221;mercado&#8221;][vc_column width=&#8221;1\/6&#8243; el_class=&#8221;sticky-sidebar&#8221; offset=&#8221;vc_hidden-md vc_hidden-sm vc_hidden-xs&#8221;][vc_empty_space height=&#8221;54px&#8221;][\/vc_column][vc_column width=&#8221;7\/12&#8243;][vc_empty_space height=&#8221;60px&#8221;][\/vc_column][vc_column width=&#8221;3\/12&#8243; el_class=&#8221;sticky-sidebar like-sidebar&#8221;][\/vc_column][\/vc_row][vc_row full_width=&#8221;stretch_row&#8221; css=&#8221;.vc_custom_1539042338345{background-color: #282828...\" \/>\n<meta property=\"og:url\" content=\"https:\/\/www.metagal.com.br\/blog\/\" \/>\n<meta property=\"og:site_name\" content=\"Blog Metagal\" \/>\n<meta property=\"article:modified_time\" content=\"2022-04-28T19:40:23+00:00\" \/>\n<meta name=\"twitter:card\" content=\"summary_large_image\" \/>\n<meta name=\"twitter:label1\" content=\"Est. tempo de leitura\" \/>\n\t<meta name=\"twitter:data1\" content=\"1 minuto\" \/>\n<script type=\"application\/ld+json\" class=\"yoast-schema-graph\">{\"@context\":\"https:\/\/schema.org\",\"@graph\":[{\"@type\":\"WebPage\",\"@id\":\"https:\/\/www.metagal.com.br\/blog\/\",\"url\":\"https:\/\/www.metagal.com.br\/blog\/\",\"name\":\"Home - Blog Metagal\",\"isPartOf\":{\"@id\":\"https:\/\/www.metagal.com.br\/blog\/#website\"},\"datePublished\":\"2016-11-18T18:45:25+00:00\",\"dateModified\":\"2022-04-28T19:40:23+00:00\",\"breadcrumb\":{\"@id\":\"https:\/\/www.metagal.com.br\/blog\/#breadcrumb\"},\"inLanguage\":\"pt-BR\",\"potentialAction\":[{\"@type\":\"ReadAction\",\"target\":[\"https:\/\/www.metagal.com.br\/blog\/\"]}]},{\"@type\":\"BreadcrumbList\",\"@id\":\"https:\/\/www.metagal.com.br\/blog\/#breadcrumb\",\"itemListElement\":[{\"@type\":\"ListItem\",\"position\":1,\"name\":\"In\u00edcio\",\"item\":\"https:\/\/www.metagal.com.br\/blog\/\"},{\"@type\":\"ListItem\",\"position\":2,\"name\":\"Home\"}]},{\"@type\":\"WebSite\",\"@id\":\"https:\/\/www.metagal.com.br\/blog\/#website\",\"url\":\"https:\/\/www.metagal.com.br\/blog\/\",\"name\":\"Blog Metagal\",\"description\":\"Metagal | L\u00edder no desenvolvimento e produ\u00e7\u00e3o de espelhos retrovisores\",\"publisher\":{\"@id\":\"https:\/\/www.metagal.com.br\/blog\/#organization\"},\"potentialAction\":[{\"@type\":\"SearchAction\",\"target\":{\"@type\":\"EntryPoint\",\"urlTemplate\":\"https:\/\/www.metagal.com.br\/blog\/?s={search_term_string}\"},\"query-input\":{\"@type\":\"PropertyValueSpecification\",\"valueRequired\":true,\"valueName\":\"search_term_string\"}}],\"inLanguage\":\"pt-BR\"},{\"@type\":\"Organization\",\"@id\":\"https:\/\/www.metagal.com.br\/blog\/#organization\",\"name\":\"Metagal - L\u00edder em Desenvolvimento e Produ\u00e7\u00e3o de Espelhos Retrovisores\",\"url\":\"https:\/\/www.metagal.com.br\/blog\/\",\"logo\":{\"@type\":\"ImageObject\",\"inLanguage\":\"pt-BR\",\"@id\":\"https:\/\/www.metagal.com.br\/blog\/#\/schema\/logo\/image\/\",\"url\":\"https:\/\/www.metagal.com.br\/blog\/wp-content\/uploads\/2018\/11\/Favicon.png\",\"contentUrl\":\"https:\/\/www.metagal.com.br\/blog\/wp-content\/uploads\/2018\/11\/Favicon.png\",\"width\":100,\"height\":100,\"caption\":\"Metagal - L\u00edder em Desenvolvimento e Produ\u00e7\u00e3o de Espelhos Retrovisores\"},\"image\":{\"@id\":\"https:\/\/www.metagal.com.br\/blog\/#\/schema\/logo\/image\/\"}}]}<\/script>\n<!-- \/ Yoast SEO plugin. -->","yoast_head_json":{"title":"Home - Blog Metagal","robots":{"index":"index","follow":"follow","max-snippet":"max-snippet:-1","max-image-preview":"max-image-preview:large","max-video-preview":"max-video-preview:-1"},"canonical":"https:\/\/www.metagal.com.br\/blog\/","og_locale":"pt_BR","og_type":"article","og_title":"Home - Blog Metagal","og_description":"[vc_row full_width=&#8221;stretch_row_content_no_spaces&#8221; el_id=&#8221;slider-banner&#8221;][vc_column][vc_empty_space height=&#8221;60px&#8221;][\/vc_column][\/vc_row][vc_row el_class=&#8221;autocar-section02&#8243; el_id=&#8221;mercado&#8221;][vc_column width=&#8221;1\/6&#8243; el_class=&#8221;sticky-sidebar&#8221; offset=&#8221;vc_hidden-md vc_hidden-sm vc_hidden-xs&#8221;][vc_empty_space height=&#8221;54px&#8221;][\/vc_column][vc_column width=&#8221;7\/12&#8243;][vc_empty_space height=&#8221;60px&#8221;][\/vc_column][vc_column width=&#8221;3\/12&#8243; el_class=&#8221;sticky-sidebar like-sidebar&#8221;][\/vc_column][\/vc_row][vc_row full_width=&#8221;stretch_row&#8221; css=&#8221;.vc_custom_1539042338345{background-color: #282828...","og_url":"https:\/\/www.metagal.com.br\/blog\/","og_site_name":"Blog Metagal","article_modified_time":"2022-04-28T19:40:23+00:00","twitter_card":"summary_large_image","twitter_misc":{"Est. tempo de leitura":"1 minuto"},"schema":{"@context":"https:\/\/schema.org","@graph":[{"@type":"WebPage","@id":"https:\/\/www.metagal.com.br\/blog\/","url":"https:\/\/www.metagal.com.br\/blog\/","name":"Home - Blog Metagal","isPartOf":{"@id":"https:\/\/www.metagal.com.br\/blog\/#website"},"datePublished":"2016-11-18T18:45:25+00:00","dateModified":"2022-04-28T19:40:23+00:00","breadcrumb":{"@id":"https:\/\/www.metagal.com.br\/blog\/#breadcrumb"},"inLanguage":"pt-BR","potentialAction":[{"@type":"ReadAction","target":["https:\/\/www.metagal.com.br\/blog\/"]}]},{"@type":"BreadcrumbList","@id":"https:\/\/www.metagal.com.br\/blog\/#breadcrumb","itemListElement":[{"@type":"ListItem","position":1,"name":"In\u00edcio","item":"https:\/\/www.metagal.com.br\/blog\/"},{"@type":"ListItem","position":2,"name":"Home"}]},{"@type":"WebSite","@id":"https:\/\/www.metagal.com.br\/blog\/#website","url":"https:\/\/www.metagal.com.br\/blog\/","name":"Blog Metagal","description":"Metagal | L\u00edder no desenvolvimento e produ\u00e7\u00e3o de espelhos retrovisores","publisher":{"@id":"https:\/\/www.metagal.com.br\/blog\/#organization"},"potentialAction":[{"@type":"SearchAction","target":{"@type":"EntryPoint","urlTemplate":"https:\/\/www.metagal.com.br\/blog\/?s={search_term_string}"},"query-input":{"@type":"PropertyValueSpecification","valueRequired":true,"valueName":"search_term_string"}}],"inLanguage":"pt-BR"},{"@type":"Organization","@id":"https:\/\/www.metagal.com.br\/blog\/#organization","name":"Metagal - L\u00edder em Desenvolvimento e Produ\u00e7\u00e3o de Espelhos Retrovisores","url":"https:\/\/www.metagal.com.br\/blog\/","logo":{"@type":"ImageObject","inLanguage":"pt-BR","@id":"https:\/\/www.metagal.com.br\/blog\/#\/schema\/logo\/image\/","url":"https:\/\/www.metagal.com.br\/blog\/wp-content\/uploads\/2018\/11\/Favicon.png","contentUrl":"https:\/\/www.metagal.com.br\/blog\/wp-content\/uploads\/2018\/11\/Favicon.png","width":100,"height":100,"caption":"Metagal - L\u00edder em Desenvolvimento e Produ\u00e7\u00e3o de Espelhos Retrovisores"},"image":{"@id":"https:\/\/www.metagal.com.br\/blog\/#\/schema\/logo\/image\/"}}]}},"_links":{"self":[{"href":"https:\/\/www.metagal.com.br\/blog\/wp-json\/wp\/v2\/pages\/2202","targetHints":{"allow":["GET"]}}],"collection":[{"href":"https:\/\/www.metagal.com.br\/blog\/wp-json\/wp\/v2\/pages"}],"about":[{"href":"https:\/\/www.metagal.com.br\/blog\/wp-json\/wp\/v2\/types\/page"}],"author":[{"embeddable":true,"href":"https:\/\/www.metagal.com.br\/blog\/wp-json\/wp\/v2\/users\/1"}],"replies":[{"embeddable":true,"href":"https:\/\/www.metagal.com.br\/blog\/wp-json\/wp\/v2\/comments?post=2202"}],"version-history":[{"count":99,"href":"https:\/\/www.metagal.com.br\/blog\/wp-json\/wp\/v2\/pages\/2202\/revisions"}],"predecessor-version":[{"id":4699,"href":"https:\/\/www.metagal.com.br\/blog\/wp-json\/wp\/v2\/pages\/2202\/revisions\/4699"}],"wp:attachment":[{"href":"https:\/\/www.metagal.com.br\/blog\/wp-json\/wp\/v2\/media?parent=2202"}],"curies":[{"name":"wp","href":"https:\/\/api.w.org\/{rel}","templated":true}]}}